{"id":61606,"date":"2017-04-05T11:09:09","date_gmt":"2017-04-05T09:09:09","guid":{"rendered":"https:\/\/www.agres.es\/el-ayuntamiento\/corporacion-municipal\/"},"modified":"2023-08-23T12:19:14","modified_gmt":"2023-08-23T10:19:14","slug":"corporacion-municipal","status":"publish","type":"page","link":"https:\/\/www.agres.es\/es\/el-ayuntamiento\/corporacion-municipal\/","title":{"rendered":"Corporaci\u00f3n Municipal"},"content":{"rendered":"[et_pb_section bb_built=\u00bb1&#8243; _builder_version=\u00bb4.9.4&#8243; _module_preset=\u00bbdefault\u00bb][et_pb_row _builder_version=\u00bb4.9.4&#8243; _module_preset=\u00bbdefault\u00bb][et_pb_column type=\u00bb4_4&#8243; _builder_version=\u00bb4.9.4&#8243; _module_preset=\u00bbdefault\u00bb][et_pb_text _builder_version=\u00bb4.21.0&#8243; _module_preset=\u00bbdefault\u00bb module_class=\u00bbtablaDatos\u00bb hover_enabled=\u00bb0&#8243; sticky_enabled=\u00bb0&#8243; text_text_shadow_horizontal_length=\u00bbtext_text_shadow_style,%91object Object%93&#8243; text_text_shadow_horizontal_length_tablet=\u00bb0px\u00bb text_text_shadow_vertical_length=\u00bbtext_text_shadow_style,%91object Object%93&#8243; text_text_shadow_vertical_length_tablet=\u00bb0px\u00bb text_text_shadow_blur_strength=\u00bbtext_text_shadow_style,%91object Object%93&#8243; text_text_shadow_blur_strength_tablet=\u00bb1px\u00bb link_text_shadow_horizontal_length=\u00bblink_text_shadow_style,%91object Object%93&#8243; link_text_shadow_horizontal_length_tablet=\u00bb0px\u00bb link_text_shadow_vertical_length=\u00bblink_text_shadow_style,%91object Object%93&#8243; link_text_shadow_vertical_length_tablet=\u00bb0px\u00bb link_text_shadow_blur_strength=\u00bblink_text_shadow_style,%91object Object%93&#8243; link_text_shadow_blur_strength_tablet=\u00bb1px\u00bb ul_text_shadow_horizontal_length=\u00bbul_text_shadow_style,%91object Object%93&#8243; ul_text_shadow_horizontal_length_tablet=\u00bb0px\u00bb ul_text_shadow_vertical_length=\u00bbul_text_shadow_style,%91object Object%93&#8243; ul_text_shadow_vertical_length_tablet=\u00bb0px\u00bb ul_text_shadow_blur_strength=\u00bbul_text_shadow_style,%91object Object%93&#8243; ul_text_shadow_blur_strength_tablet=\u00bb1px\u00bb ol_text_shadow_horizontal_length=\u00bbol_text_shadow_style,%91object Object%93&#8243; ol_text_shadow_horizontal_length_tablet=\u00bb0px\u00bb ol_text_shadow_vertical_length=\u00bbol_text_shadow_style,%91object Object%93&#8243; ol_text_shadow_vertical_length_tablet=\u00bb0px\u00bb ol_text_shadow_blur_strength=\u00bbol_text_shadow_style,%91object Object%93&#8243; ol_text_shadow_blur_strength_tablet=\u00bb1px\u00bb quote_text_shadow_horizontal_length=\u00bbquote_text_shadow_style,%91object Object%93&#8243; quote_text_shadow_horizontal_length_tablet=\u00bb0px\u00bb quote_text_shadow_vertical_length=\u00bbquote_text_shadow_style,%91object Object%93&#8243; quote_text_shadow_vertical_length_tablet=\u00bb0px\u00bb quote_text_shadow_blur_strength=\u00bbquote_text_shadow_style,%91object Object%93&#8243; quote_text_shadow_blur_strength_tablet=\u00bb1px\u00bb header_text_shadow_horizontal_length=\u00bbheader_text_shadow_style,%91object Object%93&#8243; header_text_shadow_horizontal_length_tablet=\u00bb0px\u00bb header_text_shadow_vertical_length=\u00bbheader_text_shadow_style,%91object Object%93&#8243; header_text_shadow_vertical_length_tablet=\u00bb0px\u00bb header_text_shadow_blur_strength=\u00bbheader_text_shadow_style,%91object Object%93&#8243; header_text_shadow_blur_strength_tablet=\u00bb1px\u00bb header_2_text_shadow_horizontal_length=\u00bbheader_2_text_shadow_style,%91object Object%93&#8243; header_2_text_shadow_horizontal_length_tablet=\u00bb0px\u00bb header_2_text_shadow_vertical_length=\u00bbheader_2_text_shadow_style,%91object Object%93&#8243; header_2_text_shadow_vertical_length_tablet=\u00bb0px\u00bb header_2_text_shadow_blur_strength=\u00bbheader_2_text_shadow_style,%91object Object%93&#8243; header_2_text_shadow_blur_strength_tablet=\u00bb1px\u00bb header_3_text_shadow_horizontal_length=\u00bbheader_3_text_shadow_style,%91object Object%93&#8243; header_3_text_shadow_horizontal_length_tablet=\u00bb0px\u00bb header_3_text_shadow_vertical_length=\u00bbheader_3_text_shadow_style,%91object Object%93&#8243; header_3_text_shadow_vertical_length_tablet=\u00bb0px\u00bb header_3_text_shadow_blur_strength=\u00bbheader_3_text_shadow_style,%91object Object%93&#8243; header_3_text_shadow_blur_strength_tablet=\u00bb1px\u00bb header_4_text_shadow_horizontal_length=\u00bbheader_4_text_shadow_style,%91object Object%93&#8243; header_4_text_shadow_horizontal_length_tablet=\u00bb0px\u00bb header_4_text_shadow_vertical_length=\u00bbheader_4_text_shadow_style,%91object Object%93&#8243; header_4_text_shadow_vertical_length_tablet=\u00bb0px\u00bb header_4_text_shadow_blur_strength=\u00bbheader_4_text_shadow_style,%91object Object%93&#8243; header_4_text_shadow_blur_strength_tablet=\u00bb1px\u00bb header_5_text_shadow_horizontal_length=\u00bbheader_5_text_shadow_style,%91object Object%93&#8243; header_5_text_shadow_horizontal_length_tablet=\u00bb0px\u00bb header_5_text_shadow_vertical_length=\u00bbheader_5_text_shadow_style,%91object Object%93&#8243; header_5_text_shadow_vertical_length_tablet=\u00bb0px\u00bb header_5_text_shadow_blur_strength=\u00bbheader_5_text_shadow_style,%91object Object%93&#8243; header_5_text_shadow_blur_strength_tablet=\u00bb1px\u00bb header_6_text_shadow_horizontal_length=\u00bbheader_6_text_shadow_style,%91object Object%93&#8243; header_6_text_shadow_horizontal_length_tablet=\u00bb0px\u00bb header_6_text_shadow_vertical_length=\u00bbheader_6_text_shadow_style,%91object Object%93&#8243; header_6_text_shadow_vertical_length_tablet=\u00bb0px\u00bb header_6_text_shadow_blur_strength=\u00bbheader_6_text_shadow_style,%91object Object%93&#8243; header_6_text_shadow_blur_strength_tablet=\u00bb1px\u00bb box_shadow_horizontal_tablet=\u00bb0px\u00bb box_shadow_vertical_tablet=\u00bb0px\u00bb box_shadow_blur_tablet=\u00bb40px\u00bb box_shadow_spread_tablet=\u00bb0px\u00bb vertical_offset_tablet=\u00bb0&#8243; horizontal_offset_tablet=\u00bb0&#8243; z_index_tablet=\u00bb0&#8243; background_pattern_color=\u00bbrgba(0,0,0,0.2)\u00bb background_mask_color=\u00bb#ffffff\u00bb]\n<p style=\"text-align: center;\"><span style=\"font-size: 12pt;\">ALCALDIA<\/span><\/p>\n<p><a href=\"https:\/\/www.agres.es\/wp-content\/uploads\/2023\/08\/Imagen-de-WhatsApp-2023-08-01-a-las-08.52.24.jpg\"><img decoding=\"async\" class=\"size-medium wp-image-64570 aligncenter\" src=\"https:\/\/www.agres.es\/wp-content\/uploads\/2023\/08\/Imagen-de-WhatsApp-2023-08-01-a-las-08.52.24-300x298.jpg\" alt=\"\" width=\"300\" height=\"298\" \/><\/a><\/p>\n<p style=\"text-align: center;\"><strong><span style=\"font-size: 12pt;\">Maria Garcia Pascual (Grupo Municipal Partido Popular)<\/span><\/strong><\/p>\n<p style=\"text-align: center;\">Tel\u00e9fono de contacto: 622 578 630 &#8211;\u00a0 635 818 198\u00a0<\/p>\n<p style=\"text-align: center;\">Concertar Cita Previa &#8211; correo electr\u00f3nico: alcaldia@agres.es<\/p>\n<p style=\"text-align: center;\">Concejal\u00edas: Educaci\u00f3n, Turismo, Sanidad, Juventud, Mayores, Servicios Sociales, Hacienda, Cultura, Fiestas, Desarrollo local y Personal.<\/p>\n<p>\u00a0<\/p>\n<p style=\"text-align: center;\"><span style=\"font-size: 12pt;\"><strong>CONCEJAL\u00cdAS<\/strong><\/span><\/p>\n<p style=\"text-align: center;\"><strong><span style=\"font-size: 12pt;\">Grupo Municipal Partido Popular<\/span><\/strong><\/p>\n<p><a href=\"https:\/\/www.agres.es\/wp-content\/uploads\/2021\/11\/PHOTO-2021-11-28-18-57-17-1.jpg\"><img decoding=\"async\" class=\"wp-image-63743 aligncenter\" src=\"https:\/\/www.agres.es\/wp-content\/uploads\/2021\/11\/PHOTO-2021-11-28-18-57-17-1-1024x935.jpg\" alt=\"\" width=\"215\" height=\"197\" \/><\/a><\/p>\n<p style=\"text-align: center;\"><strong><span style=\"font-size: 12pt;\">Enrique Ribera Bod\u00ed (1\u00ba Teniente Alcalde &#8211; Portavoz )<\/span><\/strong><\/p>\n<p style=\"text-align: center;\">Tel\u00e9fono de contacto: 669 425 164 (Ayuntamiento) 606 712 479 (Particular)<\/p>\n<p style=\"text-align: center;\">Concertar Cita Previa &#8211; correo electr\u00f3nico: urbanisme@agres.es<\/p>\n<p style=\"text-align: center;\">Concejal\u00edas: Urbanismo, Deportes, Transparencia, Residuos, Tr\u00e1fico, TIC&#8217;S y Servicios Municipales<\/p>\n<p>\u00a0<\/p>\n<p><a href=\"https:\/\/www.agres.es\/wp-content\/uploads\/2021\/11\/20211119_093142.jpg\"><img decoding=\"async\" class=\"wp-image-63730 aligncenter\" src=\"https:\/\/www.agres.es\/wp-content\/uploads\/2021\/11\/20211119_093142-1024x876.jpg\" alt=\"\" width=\"230\" height=\"197\" \/><\/a><\/p>\n<p style=\"text-align: center;\"><span style=\"font-size: 12pt;\"><strong>Venancio Pascual Pascual (2\u00ba Teniente Alcalde &#8211; Portavoz Adjunto)<\/strong><\/span><\/p>\n<p style=\"text-align: center;\">Tel\u00e9fono de contacto: 637 327 100 (Ayuntamiento) 606 387 876 (Particular)<\/p>\n<p style=\"text-align: center;\">Concertar Cita Previa &#8211; Correo electr\u00f3nico: mediambient@agres.es<\/p>\n<p style=\"text-align: center;\">Concejal\u00edas: Agricultura, Medio Ambiente, Cementerio y Emergencias.<\/p>\n<p>\u00a0<\/p>\n<p style=\"text-align: center;\"><strong><span style=\"font-size: 12pt;\">\u00a0Grupo Municipal Som Agres &#8211; Comprom\u00eds<\/span><\/strong><\/p>\n<p style=\"text-align: center;\"><span style=\"font-size: 12pt;\"><strong><b>Antonio Benaches Bod\u00ed<\/b> ( Portavoz )<\/strong><\/span><\/p>\n<p style=\"text-align: center;\"><span style=\"font-size: 12pt;\">\u00a0Sonia Perez Reig ( Portavoz adjunta)<\/span><\/p>\n<p style=\"text-align: center;\"><span style=\"font-size: 12pt;\"><strong>\u00a0Alejandro Sanchis Cerd\u00e1<\/strong><\/span><\/p>\n<p style=\"text-align: center;\"><span style=\"font-size: 12pt;\"><strong>PSPV-PSOE<\/strong><\/span><\/p>\n<p style=\"text-align: center;\"><span style=\"font-size: 12pt;\">Rafael Sanjuan Fern\u00e1ndez<\/span><\/p>\n<p style=\"text-align: center;\">rsanjuan11@hotmail.com<\/p>\n[\/et_pb_text][\/et_pb_column][\/et_pb_row][\/et_pb_section]\n","protected":false},"excerpt":{"rendered":"<p>ALCALDIAMaria Garcia Pascual (Grupo Municipal Partido Popular)Tel\u00e9fono de contacto: 622 578 630 &#8211;\u00a0 635 818 198\u00a0Concertar Cita Previa &#8211; correo electr\u00f3nico: alcaldia@agres.esConcejal\u00edas: Educaci\u00f3n, Turismo, Sanidad, Juventud, Mayores, Servicios Sociales, Hacienda, [&hellip;]<\/p>\n","protected":false},"author":1,"featured_media":0,"parent":61602,"menu_order":1,"comment_status":"closed","ping_status":"closed","template":"","meta":{"_et_pb_use_builder":"on","_et_pb_old_content":"","_et_gb_content_width":"","footnotes":""},"class_list":["post-61606","page","type-page","status-publish","hentry"],"yoast_head":"<!-- This site is optimized with the Yoast SEO plugin v26.9 - https:\/\/yoast.com\/product\/yoast-seo-wordpress\/ -->\n<title>Corporaci\u00f3n Municipal - Agres<\/title>\n<meta name=\"robots\" content=\"index, follow, max-snippet:-1, max-image-preview:large, max-video-preview:-1\" \/>\n<link rel=\"canonical\" href=\"https:\/\/www.agres.es\/es\/el-ayuntamiento\/corporacion-municipal\/\" \/>\n<meta property=\"og:locale\" content=\"es_ES\" \/>\n<meta property=\"og:type\" content=\"article\" \/>\n<meta property=\"og:title\" content=\"Corporaci\u00f3n Municipal - Agres\" \/>\n<meta property=\"og:description\" content=\"ALCALDIAMaria Garcia Pascual (Grupo Municipal Partido Popular)Tel\u00e9fono de contacto: 622 578 630 -\u00a0 635 818 198\u00a0Concertar Cita Previa - correo electr\u00f3nico: alcaldia@agres.esConcejal\u00edas: Educaci\u00f3n, Turismo, Sanidad, Juventud, Mayores, Servicios Sociales, Hacienda, [&hellip;]\" \/>\n<meta property=\"og:url\" content=\"https:\/\/www.agres.es\/es\/el-ayuntamiento\/corporacion-municipal\/\" \/>\n<meta property=\"og:site_name\" content=\"Agres\" \/>\n<meta property=\"article:modified_time\" content=\"2023-08-23T10:19:14+00:00\" \/>\n<meta property=\"og:image\" content=\"https:\/\/www.agres.es\/wp-content\/uploads\/2023\/08\/Imagen-de-WhatsApp-2023-08-01-a-las-08.52.24-300x298.jpg\" \/>\n<meta name=\"twitter:card\" content=\"summary_large_image\" \/>\n<meta name=\"twitter:label1\" content=\"Tiempo de lectura\" \/>\n\t<meta name=\"twitter:data1\" content=\"2 minutos\" \/>\n<script type=\"application\/ld+json\" class=\"yoast-schema-graph\">{\"@context\":\"https:\/\/schema.org\",\"@graph\":[{\"@type\":\"WebPage\",\"@id\":\"https:\/\/www.agres.es\/es\/el-ayuntamiento\/corporacion-municipal\/\",\"url\":\"https:\/\/www.agres.es\/es\/el-ayuntamiento\/corporacion-municipal\/\",\"name\":\"Corporaci\u00f3n Municipal - Agres\",\"isPartOf\":{\"@id\":\"https:\/\/www.agres.es\/es\/#website\"},\"primaryImageOfPage\":{\"@id\":\"https:\/\/www.agres.es\/es\/el-ayuntamiento\/corporacion-municipal\/#primaryimage\"},\"image\":{\"@id\":\"https:\/\/www.agres.es\/es\/el-ayuntamiento\/corporacion-municipal\/#primaryimage\"},\"thumbnailUrl\":\"https:\/\/www.agres.es\/wp-content\/uploads\/2023\/08\/Imagen-de-WhatsApp-2023-08-01-a-las-08.52.24-300x298.jpg\",\"datePublished\":\"2017-04-05T09:09:09+00:00\",\"dateModified\":\"2023-08-23T10:19:14+00:00\",\"breadcrumb\":{\"@id\":\"https:\/\/www.agres.es\/es\/el-ayuntamiento\/corporacion-municipal\/#breadcrumb\"},\"inLanguage\":\"es\",\"potentialAction\":[{\"@type\":\"ReadAction\",\"target\":[\"https:\/\/www.agres.es\/es\/el-ayuntamiento\/corporacion-municipal\/\"]}]},{\"@type\":\"ImageObject\",\"inLanguage\":\"es\",\"@id\":\"https:\/\/www.agres.es\/es\/el-ayuntamiento\/corporacion-municipal\/#primaryimage\",\"url\":\"https:\/\/www.agres.es\/wp-content\/uploads\/2023\/08\/Imagen-de-WhatsApp-2023-08-01-a-las-08.52.24-300x298.jpg\",\"contentUrl\":\"https:\/\/www.agres.es\/wp-content\/uploads\/2023\/08\/Imagen-de-WhatsApp-2023-08-01-a-las-08.52.24-300x298.jpg\"},{\"@type\":\"BreadcrumbList\",\"@id\":\"https:\/\/www.agres.es\/es\/el-ayuntamiento\/corporacion-municipal\/#breadcrumb\",\"itemListElement\":[{\"@type\":\"ListItem\",\"position\":1,\"name\":\"Inicio\",\"item\":\"https:\/\/www.agres.es\/es\/\"},{\"@type\":\"ListItem\",\"position\":2,\"name\":\"El Ayuntamiento\",\"item\":\"https:\/\/www.agres.es\/es\/el-ayuntamiento\/\"},{\"@type\":\"ListItem\",\"position\":3,\"name\":\"Corporaci\u00f3n Municipal\"}]},{\"@type\":\"WebSite\",\"@id\":\"https:\/\/www.agres.es\/es\/#website\",\"url\":\"https:\/\/www.agres.es\/es\/\",\"name\":\"Agres\",\"description\":\"Ayuntamiento de la Vila de Agres\",\"potentialAction\":[{\"@type\":\"SearchAction\",\"target\":{\"@type\":\"EntryPoint\",\"urlTemplate\":\"https:\/\/www.agres.es\/es\/?s={search_term_string}\"},\"query-input\":{\"@type\":\"PropertyValueSpecification\",\"valueRequired\":true,\"valueName\":\"search_term_string\"}}],\"inLanguage\":\"es\"}]}<\/script>\n<!-- \/ Yoast SEO plugin. -->","yoast_head_json":{"title":"Corporaci\u00f3n Municipal - Agres","robots":{"index":"index","follow":"follow","max-snippet":"max-snippet:-1","max-image-preview":"max-image-preview:large","max-video-preview":"max-video-preview:-1"},"canonical":"https:\/\/www.agres.es\/es\/el-ayuntamiento\/corporacion-municipal\/","og_locale":"es_ES","og_type":"article","og_title":"Corporaci\u00f3n Municipal - Agres","og_description":"ALCALDIAMaria Garcia Pascual (Grupo Municipal Partido Popular)Tel\u00e9fono de contacto: 622 578 630 -\u00a0 635 818 198\u00a0Concertar Cita Previa - correo electr\u00f3nico: alcaldia@agres.esConcejal\u00edas: Educaci\u00f3n, Turismo, Sanidad, Juventud, Mayores, Servicios Sociales, Hacienda, [&hellip;]","og_url":"https:\/\/www.agres.es\/es\/el-ayuntamiento\/corporacion-municipal\/","og_site_name":"Agres","article_modified_time":"2023-08-23T10:19:14+00:00","og_image":[{"url":"https:\/\/www.agres.es\/wp-content\/uploads\/2023\/08\/Imagen-de-WhatsApp-2023-08-01-a-las-08.52.24-300x298.jpg","type":"","width":"","height":""}],"twitter_card":"summary_large_image","twitter_misc":{"Tiempo de lectura":"2 minutos"},"schema":{"@context":"https:\/\/schema.org","@graph":[{"@type":"WebPage","@id":"https:\/\/www.agres.es\/es\/el-ayuntamiento\/corporacion-municipal\/","url":"https:\/\/www.agres.es\/es\/el-ayuntamiento\/corporacion-municipal\/","name":"Corporaci\u00f3n Municipal - Agres","isPartOf":{"@id":"https:\/\/www.agres.es\/es\/#website"},"primaryImageOfPage":{"@id":"https:\/\/www.agres.es\/es\/el-ayuntamiento\/corporacion-municipal\/#primaryimage"},"image":{"@id":"https:\/\/www.agres.es\/es\/el-ayuntamiento\/corporacion-municipal\/#primaryimage"},"thumbnailUrl":"https:\/\/www.agres.es\/wp-content\/uploads\/2023\/08\/Imagen-de-WhatsApp-2023-08-01-a-las-08.52.24-300x298.jpg","datePublished":"2017-04-05T09:09:09+00:00","dateModified":"2023-08-23T10:19:14+00:00","breadcrumb":{"@id":"https:\/\/www.agres.es\/es\/el-ayuntamiento\/corporacion-municipal\/#breadcrumb"},"inLanguage":"es","potentialAction":[{"@type":"ReadAction","target":["https:\/\/www.agres.es\/es\/el-ayuntamiento\/corporacion-municipal\/"]}]},{"@type":"ImageObject","inLanguage":"es","@id":"https:\/\/www.agres.es\/es\/el-ayuntamiento\/corporacion-municipal\/#primaryimage","url":"https:\/\/www.agres.es\/wp-content\/uploads\/2023\/08\/Imagen-de-WhatsApp-2023-08-01-a-las-08.52.24-300x298.jpg","contentUrl":"https:\/\/www.agres.es\/wp-content\/uploads\/2023\/08\/Imagen-de-WhatsApp-2023-08-01-a-las-08.52.24-300x298.jpg"},{"@type":"BreadcrumbList","@id":"https:\/\/www.agres.es\/es\/el-ayuntamiento\/corporacion-municipal\/#breadcrumb","itemListElement":[{"@type":"ListItem","position":1,"name":"Inicio","item":"https:\/\/www.agres.es\/es\/"},{"@type":"ListItem","position":2,"name":"El Ayuntamiento","item":"https:\/\/www.agres.es\/es\/el-ayuntamiento\/"},{"@type":"ListItem","position":3,"name":"Corporaci\u00f3n Municipal"}]},{"@type":"WebSite","@id":"https:\/\/www.agres.es\/es\/#website","url":"https:\/\/www.agres.es\/es\/","name":"Agres","description":"Ayuntamiento de la Vila de Agres","potentialAction":[{"@type":"SearchAction","target":{"@type":"EntryPoint","urlTemplate":"https:\/\/www.agres.es\/es\/?s={search_term_string}"},"query-input":{"@type":"PropertyValueSpecification","valueRequired":true,"valueName":"search_term_string"}}],"inLanguage":"es"}]}},"_links":{"self":[{"href":"https:\/\/www.agres.es\/es\/wp-json\/wp\/v2\/pages\/61606","targetHints":{"allow":["GET"]}}],"collection":[{"href":"https:\/\/www.agres.es\/es\/wp-json\/wp\/v2\/pages"}],"about":[{"href":"https:\/\/www.agres.es\/es\/wp-json\/wp\/v2\/types\/page"}],"author":[{"embeddable":true,"href":"https:\/\/www.agres.es\/es\/wp-json\/wp\/v2\/users\/1"}],"replies":[{"embeddable":true,"href":"https:\/\/www.agres.es\/es\/wp-json\/wp\/v2\/comments?post=61606"}],"version-history":[{"count":0,"href":"https:\/\/www.agres.es\/es\/wp-json\/wp\/v2\/pages\/61606\/revisions"}],"up":[{"embeddable":true,"href":"https:\/\/www.agres.es\/es\/wp-json\/wp\/v2\/pages\/61602"}],"wp:attachment":[{"href":"https:\/\/www.agres.es\/es\/wp-json\/wp\/v2\/media?parent=61606"}],"curies":[{"name":"wp","href":"https:\/\/api.w.org\/{rel}","templated":true}]}}