{"id":61712,"date":"2017-05-05T11:21:12","date_gmt":"2017-05-05T09:21:12","guid":{"rendered":"https:\/\/www.agres.es\/historia\/"},"modified":"2024-03-13T12:01:59","modified_gmt":"2024-03-13T11:01:59","slug":"historia","status":"publish","type":"page","link":"https:\/\/www.agres.es\/es\/turismo\/historia\/","title":{"rendered":"Historia"},"content":{"rendered":"[et_pb_section fb_built=\u00bb1&#8243; _builder_version=\u00bb4.16&#8243; _module_preset=\u00bbdefault\u00bb background_image=\u00bbhttps:\/\/www.agres.es\/wp-content\/uploads\/2017\/05\/covnento.jpg\u00bb global_colors_info=\u00bb{}\u00bb theme_builder_area=\u00bbpost_content\u00bb][et_pb_row _builder_version=\u00bb4.16&#8243; _module_preset=\u00bbdefault\u00bb background_color=\u00bbrgba(255,255,255,0.92)\u00bb custom_padding=\u00bb3vw|2vw|3vw|2vw|true|true\u00bb global_colors_info=\u00bb{}\u00bb theme_builder_area=\u00bbpost_content\u00bb][et_pb_column type=\u00bb4_4&#8243; _builder_version=\u00bb4.16&#8243; _module_preset=\u00bbdefault\u00bb global_colors_info=\u00bb{}\u00bb theme_builder_area=\u00bbpost_content\u00bb][et_pb_text _builder_version=\u00bb4.24.0&#8243; _module_preset=\u00bbdefault\u00bb hover_enabled=\u00bb0&#8243; global_colors_info=\u00bb{}\u00bb theme_builder_area=\u00bbpost_content\u00bb sticky_enabled=\u00bb0&#8243;]\n<p>En la regi\u00f3n del Comtat, al norte de la Sierra de Mariola y en la provincia de Alicante, se encuentra el pintoresco municipio de Agres. Con una altitud de 722 metros sobre el nivel del mar y una poblaci\u00f3n de alrededor de 650 habitantes, Agres es un lugar lleno de historia, cultura y belleza natural.<\/p>\n<p>El territorio de Agres ha sido habitado por el ser humano desde tiempos remotos. En yacimientos arqueol\u00f3gicos como la Cueva Beneito, la Solana, Carbonell, la Covacha, la Cueva del Moro, la Cueva los Pilares, la Mola de Agres, el Pico del \u00c1guila, el Cabez\u00f3 de Mariola y la Covalta, se han encontrado restos de la presencia del hombre desde el Paleol\u00edtico hasta el Neol\u00edtico.<\/p>\n<p>La presencia romana en la zona tambi\u00e9n ha dejado su huella, con el yacimiento arqueol\u00f3gico del Cabezo de Mariola como ejemplo de la romanizaci\u00f3n de la regi\u00f3n. Monedas y cer\u00e1micas romanas datadas en el siglo I atestiguan la influencia romana en Agres con la existencia de una villa en la zona baja de la Valleta.<\/p>\n<p>Con la llegada de los \u00e1rabes, se estableci\u00f3 una peque\u00f1a alquer\u00eda bajo la protecci\u00f3n de un castillo y varias torres vig\u00edas. Sin embargo, en 1245, el rey Jaime I el Conquistador conquist\u00f3 el sur del J\u00facar. entreg\u00e1ndolo a pobladores cristianos en 1248. Finalmente, en 1256, Agres recibi\u00f3 su Carta Puebla como nueva villa cristiana del reino de Valencia.<\/p>\n<p>\nDurante siglos, Agres estuvo bajo diferentes se\u00f1or\u00edos, como el Conde de Cocentaina y la familia Calatayud. En el siglo XVIII, perteneci\u00f3 al Conde Cirat, siendo una de las 45 villas de se\u00f1or\u00edo del reino de Valencia. Con la supresi\u00f3n de los se\u00f1or\u00edos en el siglo XIX, Agres se convirti\u00f3 en un municipio independiente.<\/p>\n<p>Hoy en d\u00eda, Agres es un pueblo cuya gente mantienen la agricultura y ganader\u00eda como principal econom\u00eda. Pero tambi\u00e9n con unes costumbres y cultura que se mantienen y transmiten de padres a hijos.<\/p>\n[\/et_pb_text][\/et_pb_column][\/et_pb_row][\/et_pb_section][et_pb_section fb_built=\u00bb1&#8243; _builder_version=\u00bb4.16&#8243; _module_preset=\u00bbdefault\u00bb background_color=\u00bbrgba(255,255,255,0.57)\u00bb background_image=\u00bbhttps:\/\/www.agres.es\/wp-content\/uploads\/2021\/03\/textura-papel.jpg\u00bb background_blend=\u00bboverlay\u00bb global_colors_info=\u00bb{}\u00bb theme_builder_area=\u00bbpost_content\u00bb][et_pb_row _builder_version=\u00bb4.16&#8243; _module_preset=\u00bbdefault\u00bb global_colors_info=\u00bb{}\u00bb theme_builder_area=\u00bbpost_content\u00bb][et_pb_column type=\u00bb4_4&#8243; _builder_version=\u00bb4.16&#8243; _module_preset=\u00bbdefault\u00bb global_colors_info=\u00bb{}\u00bb theme_builder_area=\u00bbpost_content\u00bb][et_pb_text _builder_version=\u00bb4.16&#8243; _module_preset=\u00bbdefault\u00bb text_font=\u00bbAclonica||||||||\u00bb text_font_size=\u00bb25px\u00bb text_orientation=\u00bbcenter\u00bb global_colors_info=\u00bb{}\u00bb theme_builder_area=\u00bbpost_content\u00bb]\n<p>Carta pobla de Bocairent, Mariola y Agres<\/p>\n[\/et_pb_text][\/et_pb_column][\/et_pb_row][et_pb_row column_structure=\u00bb1_2,1_2&#8243; use_custom_gutter=\u00bbon\u00bb gutter_width=\u00bb4&#8243; _builder_version=\u00bb4.16&#8243; _module_preset=\u00bbdefault\u00bb width=\u00bb100%\u00bb max_width=\u00bb85%\u00bb global_colors_info=\u00bb{}\u00bb theme_builder_area=\u00bbpost_content\u00bb][et_pb_column type=\u00bb1_2&#8243; _builder_version=\u00bb4.16&#8243; _module_preset=\u00bbdefault\u00bb global_colors_info=\u00bb{}\u00bb theme_builder_area=\u00bbpost_content\u00bb][et_pb_text _builder_version=\u00bb4.16&#8243; _module_preset=\u00bbdefault\u00bb text_font=\u00bb|700|||||||\u00bb global_colors_info=\u00bb{}\u00bb theme_builder_area=\u00bbpost_content\u00bb]\n<p>Sapient tots que nosaltres don Eiximen Perez de Arenoso, lugartinent del Rei en el Regne de Val\u00e8ncia, per la seva autoritat donem, concedim i confirmem a vosaltres Eixien P\u00e9rez de Alonso, Gregorio de Calatayud, Jacobo de Don Pedro, noble, Lope Sanz Esperandeu i Arnaldo de Moriz, per poblar, el castell i vila de Bocairent i tot el seu terme, i el castell i vila de Agres i de Mariola i tots els seus T\u00e9rmens, de esta manera que el castell de Agres i tot el seu terme i el castell de Mariola i tot el seu terme siguen inclosos en el castell i terme de Bocairent ja que volem que el castell i vila de Bocairent siguen cap, i que tots els pobladors de tots els llocs mentats fagen en Bocairent resid\u00e8ncia personal.<\/p>\n<p>Item, vos concedim que aquella divisi\u00f3 que va ser feta per vosaltres de les cases de la vila de Bocairent siga estable i ferma a perpetu\u00eftat i mai esta divisi\u00f3 siga revoca.<\/p>\n<p>Item, vos concedim a vosaltres, que pugeu donar, dividir, assignar, totes les alqueries, reales, vinyes, horts, i totes les dem\u00e9s pensions i propietats, tant desertes com poblades, que en els llocs enumerats i en els seus termes de tal forma que les heretats dels llocs dalt mencionats sigen entregades i poblades en numero de 320 pobladors.<\/p>\n<p>Item, vos concedim que pugau a cada u dels pobladors donar i assignar bens segons els seus m\u00e8rits, com millor vos parega.<\/p>\n<p>Item, vos concedim que doneu a cada poblador tres fanecades d\u2019hort a m\u00e9s de les seues heretats.<\/p>\n<p>Item, vos concedim que si per tot este mes de mar\u00e7 present aquells pobladors que tinguin cartes del Rei nostre sobre propietats de la vila i terme de Bocairent i en els altres llocs ja mencionats, no vingueren a les propietats rebudes en les quals deuen de tindre el treball i la seua resid\u00e8ncia personal, no siguen tinguts ni considerats com a pobladors d\u2019aquestos llocs encara que ensenyen cartes nostres o del Rei, i revoquem totalment estes cartes.<\/p>\n<p>&nbsp;<\/p>\n[\/et_pb_text][\/et_pb_column][et_pb_column type=\u00bb1_2&#8243; _builder_version=\u00bb4.16&#8243; _module_preset=\u00bbdefault\u00bb global_colors_info=\u00bb{}\u00bb theme_builder_area=\u00bbpost_content\u00bb][et_pb_text _builder_version=\u00bb4.16&#8243; _module_preset=\u00bbdefault\u00bb text_font=\u00bb|700|||||||\u00bb global_colors_info=\u00bb{}\u00bb theme_builder_area=\u00bbpost_content\u00bb]\n<p>Item, vos concedim que des del \u00faltim dia d&#8217;aquest mes de mar\u00e7 present, a m\u00e9s de aquells pobladors estigueren en els llocs mencionats pugem evitar i completar altres pobladors per vosaltres fins el numero de 320 pobladors.<\/p>\n<p>Item, vos concedim que en dos anys en avant pugueu vendre les vostres cases i heretats, canviar i cedir lliurement a qui vulgueu, excepte soldats i religiosos.<\/p>\n<p>Item, vos concedim tots els fruits i r\u00e8dits que all\u00ed apareixen o apareixeran lliurement segons la vostra voluntat, sense la nostra oposici\u00f3.<\/p>\n<p>Item, vos concedim que tingueu sempre mercat a la vila de Bocairent cada dijous de la setmana segons furs i costums, i per nosaltres i per l&#8217;autoritat del rei alabem, concedim i confirmem per sempre totes les donacions, assignacions i particions que feu i que certament pugueu fer dels llocs mencionats segons fur i costums de val\u00e8ncia. Prometent de bona fe tot lo dalt mencionat i a cada u de vosaltres i a tots els pobladors de Bocairent i de tots els altres llocs, observar sempre i fer observar pel senyor Rei.<\/p>\n<p>A\u00e7\u00f2 va ser fet a X\u00e0tiva l&#8217;11 de Mar\u00e7, any de l&#8217;Encarnaci\u00f3 del senyor de 1255.<\/p>\n<p>Son t\u00e8stics de tot: Blasco Perez ,Pedro Lopez de Cabanes, Juan Martinez de Redia, Pedro Sanchez de Calatayud ,Pedro de Belchite, Poncio Carbonell, notari p\u00fablic de X\u00e0tiva, que escrigu\u00e9 i posa el seu signe.<\/p>\n<p>Signe de Bernardo de Anglesola, notari p\u00fablic de X\u00e0tiva, t\u00e8stic<br \/> Signe p\u00fablic de Jaime pons, notari p\u00fablic de X\u00e0tiva, t\u00e8stic.<\/p>\n[\/et_pb_text][\/et_pb_column][\/et_pb_row][\/et_pb_section]\n","protected":false},"excerpt":{"rendered":"<p>En la regi\u00f3n del Comtat, al norte de la Sierra de Mariola y en la provincia de Alicante, se encuentra el pintoresco municipio de Agres. Con una altitud de 722 [&hellip;]<\/p>\n","protected":false},"author":1,"featured_media":30408,"parent":61730,"menu_order":0,"comment_status":"closed","ping_status":"closed","template":"","meta":{"_et_pb_use_builder":"on","_et_pb_old_content":"","_et_gb_content_width":"","footnotes":""},"class_list":["post-61712","page","type-page","status-publish","has-post-thumbnail","hentry"],"yoast_head":"<!-- This site is optimized with the Yoast SEO plugin v26.9 - https:\/\/yoast.com\/product\/yoast-seo-wordpress\/ -->\n<title>Historia - Agres<\/title>\n<meta name=\"robots\" content=\"index, follow, max-snippet:-1, max-image-preview:large, max-video-preview:-1\" \/>\n<link rel=\"canonical\" href=\"https:\/\/www.agres.es\/es\/turismo\/historia\/\" \/>\n<meta property=\"og:locale\" content=\"es_ES\" \/>\n<meta property=\"og:type\" content=\"article\" \/>\n<meta property=\"og:title\" content=\"Historia - Agres\" \/>\n<meta property=\"og:description\" content=\"En la regi\u00f3n del Comtat, al norte de la Sierra de Mariola y en la provincia de Alicante, se encuentra el pintoresco municipio de Agres. Con una altitud de 722 [&hellip;]\" \/>\n<meta property=\"og:url\" content=\"https:\/\/www.agres.es\/es\/turismo\/historia\/\" \/>\n<meta property=\"og:site_name\" content=\"Agres\" \/>\n<meta property=\"article:modified_time\" content=\"2024-03-13T11:01:59+00:00\" \/>\n<meta property=\"og:image\" content=\"https:\/\/www.agres.es\/wp-content\/uploads\/2017\/05\/covnento.jpg\" \/>\n\t<meta property=\"og:image:width\" content=\"1188\" \/>\n\t<meta property=\"og:image:height\" content=\"544\" \/>\n\t<meta property=\"og:image:type\" content=\"image\/jpeg\" \/>\n<meta name=\"twitter:card\" content=\"summary_large_image\" \/>\n<meta name=\"twitter:label1\" content=\"Tiempo de lectura\" \/>\n\t<meta name=\"twitter:data1\" content=\"7 minutos\" \/>\n<script type=\"application\/ld+json\" class=\"yoast-schema-graph\">{\"@context\":\"https:\/\/schema.org\",\"@graph\":[{\"@type\":\"WebPage\",\"@id\":\"https:\/\/www.agres.es\/es\/turismo\/historia\/\",\"url\":\"https:\/\/www.agres.es\/es\/turismo\/historia\/\",\"name\":\"Historia - Agres\",\"isPartOf\":{\"@id\":\"https:\/\/www.agres.es\/es\/#website\"},\"primaryImageOfPage\":{\"@id\":\"https:\/\/www.agres.es\/es\/turismo\/historia\/#primaryimage\"},\"image\":{\"@id\":\"https:\/\/www.agres.es\/es\/turismo\/historia\/#primaryimage\"},\"thumbnailUrl\":\"https:\/\/www.agres.es\/wp-content\/uploads\/2017\/05\/covnento.jpg\",\"datePublished\":\"2017-05-05T09:21:12+00:00\",\"dateModified\":\"2024-03-13T11:01:59+00:00\",\"breadcrumb\":{\"@id\":\"https:\/\/www.agres.es\/es\/turismo\/historia\/#breadcrumb\"},\"inLanguage\":\"es\",\"potentialAction\":[{\"@type\":\"ReadAction\",\"target\":[\"https:\/\/www.agres.es\/es\/turismo\/historia\/\"]}]},{\"@type\":\"ImageObject\",\"inLanguage\":\"es\",\"@id\":\"https:\/\/www.agres.es\/es\/turismo\/historia\/#primaryimage\",\"url\":\"https:\/\/www.agres.es\/wp-content\/uploads\/2017\/05\/covnento.jpg\",\"contentUrl\":\"https:\/\/www.agres.es\/wp-content\/uploads\/2017\/05\/covnento.jpg\",\"width\":1188,\"height\":544},{\"@type\":\"BreadcrumbList\",\"@id\":\"https:\/\/www.agres.es\/es\/turismo\/historia\/#breadcrumb\",\"itemListElement\":[{\"@type\":\"ListItem\",\"position\":1,\"name\":\"Inicio\",\"item\":\"https:\/\/www.agres.es\/es\/\"},{\"@type\":\"ListItem\",\"position\":2,\"name\":\"Turismo\",\"item\":\"https:\/\/www.agres.es\/es\/turismo\/\"},{\"@type\":\"ListItem\",\"position\":3,\"name\":\"Historia\"}]},{\"@type\":\"WebSite\",\"@id\":\"https:\/\/www.agres.es\/es\/#website\",\"url\":\"https:\/\/www.agres.es\/es\/\",\"name\":\"Agres\",\"description\":\"Ayuntamiento de la Vila de Agres\",\"potentialAction\":[{\"@type\":\"SearchAction\",\"target\":{\"@type\":\"EntryPoint\",\"urlTemplate\":\"https:\/\/www.agres.es\/es\/?s={search_term_string}\"},\"query-input\":{\"@type\":\"PropertyValueSpecification\",\"valueRequired\":true,\"valueName\":\"search_term_string\"}}],\"inLanguage\":\"es\"}]}<\/script>\n<!-- \/ Yoast SEO plugin. -->","yoast_head_json":{"title":"Historia - Agres","robots":{"index":"index","follow":"follow","max-snippet":"max-snippet:-1","max-image-preview":"max-image-preview:large","max-video-preview":"max-video-preview:-1"},"canonical":"https:\/\/www.agres.es\/es\/turismo\/historia\/","og_locale":"es_ES","og_type":"article","og_title":"Historia - Agres","og_description":"En la regi\u00f3n del Comtat, al norte de la Sierra de Mariola y en la provincia de Alicante, se encuentra el pintoresco municipio de Agres. Con una altitud de 722 [&hellip;]","og_url":"https:\/\/www.agres.es\/es\/turismo\/historia\/","og_site_name":"Agres","article_modified_time":"2024-03-13T11:01:59+00:00","og_image":[{"width":1188,"height":544,"url":"https:\/\/www.agres.es\/wp-content\/uploads\/2017\/05\/covnento.jpg","type":"image\/jpeg"}],"twitter_card":"summary_large_image","twitter_misc":{"Tiempo de lectura":"7 minutos"},"schema":{"@context":"https:\/\/schema.org","@graph":[{"@type":"WebPage","@id":"https:\/\/www.agres.es\/es\/turismo\/historia\/","url":"https:\/\/www.agres.es\/es\/turismo\/historia\/","name":"Historia - Agres","isPartOf":{"@id":"https:\/\/www.agres.es\/es\/#website"},"primaryImageOfPage":{"@id":"https:\/\/www.agres.es\/es\/turismo\/historia\/#primaryimage"},"image":{"@id":"https:\/\/www.agres.es\/es\/turismo\/historia\/#primaryimage"},"thumbnailUrl":"https:\/\/www.agres.es\/wp-content\/uploads\/2017\/05\/covnento.jpg","datePublished":"2017-05-05T09:21:12+00:00","dateModified":"2024-03-13T11:01:59+00:00","breadcrumb":{"@id":"https:\/\/www.agres.es\/es\/turismo\/historia\/#breadcrumb"},"inLanguage":"es","potentialAction":[{"@type":"ReadAction","target":["https:\/\/www.agres.es\/es\/turismo\/historia\/"]}]},{"@type":"ImageObject","inLanguage":"es","@id":"https:\/\/www.agres.es\/es\/turismo\/historia\/#primaryimage","url":"https:\/\/www.agres.es\/wp-content\/uploads\/2017\/05\/covnento.jpg","contentUrl":"https:\/\/www.agres.es\/wp-content\/uploads\/2017\/05\/covnento.jpg","width":1188,"height":544},{"@type":"BreadcrumbList","@id":"https:\/\/www.agres.es\/es\/turismo\/historia\/#breadcrumb","itemListElement":[{"@type":"ListItem","position":1,"name":"Inicio","item":"https:\/\/www.agres.es\/es\/"},{"@type":"ListItem","position":2,"name":"Turismo","item":"https:\/\/www.agres.es\/es\/turismo\/"},{"@type":"ListItem","position":3,"name":"Historia"}]},{"@type":"WebSite","@id":"https:\/\/www.agres.es\/es\/#website","url":"https:\/\/www.agres.es\/es\/","name":"Agres","description":"Ayuntamiento de la Vila de Agres","potentialAction":[{"@type":"SearchAction","target":{"@type":"EntryPoint","urlTemplate":"https:\/\/www.agres.es\/es\/?s={search_term_string}"},"query-input":{"@type":"PropertyValueSpecification","valueRequired":true,"valueName":"search_term_string"}}],"inLanguage":"es"}]}},"_links":{"self":[{"href":"https:\/\/www.agres.es\/es\/wp-json\/wp\/v2\/pages\/61712","targetHints":{"allow":["GET"]}}],"collection":[{"href":"https:\/\/www.agres.es\/es\/wp-json\/wp\/v2\/pages"}],"about":[{"href":"https:\/\/www.agres.es\/es\/wp-json\/wp\/v2\/types\/page"}],"author":[{"embeddable":true,"href":"https:\/\/www.agres.es\/es\/wp-json\/wp\/v2\/users\/1"}],"replies":[{"embeddable":true,"href":"https:\/\/www.agres.es\/es\/wp-json\/wp\/v2\/comments?post=61712"}],"version-history":[{"count":0,"href":"https:\/\/www.agres.es\/es\/wp-json\/wp\/v2\/pages\/61712\/revisions"}],"up":[{"embeddable":true,"href":"https:\/\/www.agres.es\/es\/wp-json\/wp\/v2\/pages\/61730"}],"wp:featuredmedia":[{"embeddable":true,"href":"https:\/\/www.agres.es\/es\/wp-json\/wp\/v2\/media\/30408"}],"wp:attachment":[{"href":"https:\/\/www.agres.es\/es\/wp-json\/wp\/v2\/media?parent=61712"}],"curies":[{"name":"wp","href":"https:\/\/api.w.org\/{rel}","templated":true}]}}