{"id":61730,"date":"2021-03-12T08:19:44","date_gmt":"2021-03-12T07:19:44","guid":{"rendered":"https:\/\/www.agres.es\/turismo\/"},"modified":"2021-03-15T12:21:25","modified_gmt":"2021-03-15T11:21:25","slug":"turismo","status":"publish","type":"page","link":"https:\/\/www.agres.es\/es\/turismo\/","title":{"rendered":"Turismo"},"content":{"rendered":"[et_pb_section fb_built=\u00bb1&#8243; next_background_color=\u00bb#ffffff\u00bb _builder_version=\u00bb4.9.0&#8243; background_color=\u00bbgcid-6dcde82e-0cc5-4420-bd57-a0203b005733&#8243; top_divider_style=\u00bbarrow3&#8243; bottom_divider_style=\u00bbarrow3&#8243; global_colors_info=\u00bb{%22gcid-6dcde82e-0cc5-4420-bd57-a0203b005733%22:%91%22background_color%22%93}\u00bb prev_background_color=\u00bb#ffffff\u00bb][et_pb_row _builder_version=\u00bb3.25&#8243; background_size=\u00bbinitial\u00bb background_position=\u00bbtop_left\u00bb background_repeat=\u00bbrepeat\u00bb][et_pb_column type=\u00bb4_4&#8243; _builder_version=\u00bb3.25&#8243; custom_padding=\u00bb|||\u00bb custom_padding__hover=\u00bb|||\u00bb][et_pb_text _builder_version=\u00bb4.9.0&#8243; text_font=\u00bbAclonica||||||||\u00bb background_size=\u00bbinitial\u00bb background_position=\u00bbtop_left\u00bb background_repeat=\u00bbrepeat\u00bb]\n<h2 style=\"text-align: center;\">Tourist Info<\/h2>\n[\/et_pb_text][\/et_pb_column][\/et_pb_row][et_pb_row column_structure=\u00bb1_4,1_2,1_4&#8243; _builder_version=\u00bb3.25&#8243; background_size=\u00bbinitial\u00bb background_position=\u00bbtop_left\u00bb background_repeat=\u00bbrepeat\u00bb custom_padding=\u00bb||65px|||\u00bb][et_pb_column type=\u00bb1_4&#8243; _builder_version=\u00bb3.25&#8243; custom_padding=\u00bb|||\u00bb custom_padding__hover=\u00bb|||\u00bb][et_pb_image src=\u00bb\/wp-content\/uploads\/2017\/05\/touristinfo.jpg\u00bb align_tablet=\u00bbcenter\u00bb align_phone=\u00bb\u00bb align_last_edited=\u00bbon|desktop\u00bb _builder_version=\u00bb3.23&#8243; animation_style=\u00bbslide\u00bb animation_direction=\u00bbleft\u00bb animation_duration=\u00bb500ms\u00bb animation_intensity_slide=\u00bb10%\u00bb][\/et_pb_image][\/et_pb_column][et_pb_column type=\u00bb1_2&#8243; _builder_version=\u00bb3.25&#8243; custom_padding=\u00bb|||\u00bb custom_padding__hover=\u00bb|||\u00bb][et_pb_text _builder_version=\u00bb3.27.4&#8243; background_size=\u00bbinitial\u00bb background_position=\u00bbtop_left\u00bb background_repeat=\u00bbrepeat\u00bb]\n<h4>Datos:<\/h4>\n<p><b>Direcci\u00f3n<\/b><strong>:\u00a0<\/strong>C\/Mayor \u00a0s\/n, 03837 Agres<\/p>\n<p><strong>E-Mail:\u00a0<\/strong><a href=\"mailto:agres@touristinfo.net\">agres@touristinfo.net<\/a><\/p>\n<p><b>Tel\u00e9fono<\/b><strong>: <\/strong> 965510001<\/p>\n[\/et_pb_text][\/et_pb_column][et_pb_column type=\u00bb1_4&#8243; _builder_version=\u00bb3.25&#8243; custom_padding=\u00bb|||\u00bb custom_padding__hover=\u00bb|||\u00bb][et_pb_image src=\u00bb\/wp-content\/uploads\/2017\/05\/twitter-ico.png\u00bb url=\u00bbhttps:\/\/twitter.com\/AgresTourist\u00bb url_new_window=\u00bbon\u00bb align_tablet=\u00bbcenter\u00bb align_phone=\u00bb\u00bb align_last_edited=\u00bbon|desktop\u00bb _builder_version=\u00bb3.23&#8243; max_width=\u00bb70px\u00bb animation_style=\u00bbslide\u00bb animation_direction=\u00bbleft\u00bb animation_duration=\u00bb500ms\u00bb animation_intensity_slide=\u00bb10%\u00bb][\/et_pb_image][et_pb_image src=\u00bb\/wp-content\/uploads\/2017\/05\/instagram-ico.png\u00bb url=\u00bbhttps:\/\/www.instagram.com\/agrestourist\/\u00bb url_new_window=\u00bbon\u00bb align_tablet=\u00bbcenter\u00bb align_phone=\u00bb\u00bb align_last_edited=\u00bbon|desktop\u00bb _builder_version=\u00bb3.23&#8243; max_width=\u00bb70px\u00bb animation_style=\u00bbslide\u00bb animation_direction=\u00bbleft\u00bb animation_duration=\u00bb500ms\u00bb animation_intensity_slide=\u00bb10%\u00bb][\/et_pb_image][\/et_pb_column][\/et_pb_row][\/et_pb_section][et_pb_section fb_built=\u00bb1&#8243; _builder_version=\u00bb4.9.2&#8243; _module_preset=\u00bbdefault\u00bb locked=\u00bboff\u00bb][et_pb_row _builder_version=\u00bb4.9.0&#8243; _module_preset=\u00bbdefault\u00bb][et_pb_column type=\u00bb4_4&#8243; _builder_version=\u00bb4.9.0&#8243; _module_preset=\u00bbdefault\u00bb][et_pb_text _builder_version=\u00bb4.9.0&#8243; text_font=\u00bbAclonica||||||||\u00bb background_size=\u00bbinitial\u00bb background_position=\u00bbtop_left\u00bb background_repeat=\u00bbrepeat\u00bb locked=\u00bboff\u00bb]\n<h2 style=\"text-align: center;\">Ven a conocernos<\/h2>\n[\/et_pb_text][\/et_pb_column][\/et_pb_row][et_pb_row column_structure=\u00bb1_2,1_2&#8243; _builder_version=\u00bb4.9.2&#8243; _module_preset=\u00bbdefault\u00bb width=\u00bb100%\u00bb max_width=\u00bb80%\u00bb][et_pb_column type=\u00bb1_2&#8243; _builder_version=\u00bb4.9.2&#8243; _module_preset=\u00bbdefault\u00bb][et_pb_image src=\u00bbhttps:\/\/www.agres.es\/wp-content\/uploads\/2017\/05\/serraMariola.jpg\u00bb title_text=\u00bbserraMariola\u00bb url=\u00bbhttps:\/\/serramariola.org\/\u00bb url_new_window=\u00bbon\u00bb align=\u00bbcenter\u00bb _builder_version=\u00bb4.9.2&#8243; _module_preset=\u00bbdefault\u00bb][\/et_pb_image][et_pb_video src=\u00bbhttps:\/\/youtu.be\/AbudqYJrMR4&#8243; _builder_version=\u00bb4.9.2&#8243; _module_preset=\u00bbdefault\u00bb][\/et_pb_video][\/et_pb_column][et_pb_column type=\u00bb1_2&#8243; _builder_version=\u00bb4.9.2&#8243; _module_preset=\u00bbdefault\u00bb][et_pb_text _builder_version=\u00bb4.9.2&#8243; _module_preset=\u00bbdefault\u00bb custom_padding=\u00bb10vw||||false|false\u00bb]\n<div class=\"pt-cv-wrapper et_smooth_scroll_disabled\"><div class=\"pt-cv-view pt-cv-grid pt-cv-colsys\" id=\"pt-cv-view-9bc06f0maj\"><div data-id=\"pt-cv-page-1\" class=\"pt-cv-page\" data-cvc=\"3\"><div class=\"col-md-4 col-sm-6 col-xs-12 pt-cv-content-item pt-cv-1-col\"  data-pid=\"61679\"><div class='pt-cv-ifield'><a href=\"https:\/\/www.agres.es\/es\/turismo\/alojamientos\/\" class=\"_self pt-cv-href-thumbnail pt-cv-thumb-default cvplbd cvp-lazy-container cvp-responsive-image img-none\" target=\"_self\" data-iw=\"400\" data-ih=\"284\"><img decoding=\"async\" width=\"400\" height=\"284\" src=\"https:\/\/www.agres.es\/wp-content\/plugins\/pt-content-views-pro\/public\/assets\/images\/lazy_image.png\" class=\"pt-cv-thumbnail img-none skip-lazy  cvplazy\" alt=\"Alojamientos\" data-no-lazy=\"1\" data-cvpsrc=\"https:\/\/www.agres.es\/wp-content\/uploads\/2021\/03\/alojamiento-400x284.jpg\" \/><\/a>\n<h3 class=\"pt-cv-title\"><a href=\"https:\/\/www.agres.es\/es\/turismo\/alojamientos\/\" class=\"_self cvplbd\" target=\"_self\" data-iw=\"400\" data-ih=\"284\">Alojamientos<\/a><\/h3><\/div><\/div>\n<div class=\"col-md-4 col-sm-6 col-xs-12 pt-cv-content-item pt-cv-1-col\"  data-pid=\"61684\"><div class='pt-cv-ifield'><a href=\"https:\/\/www.agres.es\/es\/turismo\/fiestas\/\" class=\"_self pt-cv-href-thumbnail pt-cv-thumb-default cvplbd cvp-lazy-container cvp-responsive-image img-none\" target=\"_self\" data-iw=\"400\" data-ih=\"284\"><img decoding=\"async\" width=\"400\" height=\"284\" src=\"https:\/\/www.agres.es\/wp-content\/plugins\/pt-content-views-pro\/public\/assets\/images\/lazy_image.png\" class=\"pt-cv-thumbnail img-none skip-lazy  cvplazy\" alt=\"Festes del Pi\" data-no-lazy=\"1\" data-cvpsrc=\"https:\/\/www.agres.es\/wp-content\/uploads\/2017\/05\/fiestas-del-Pino-400x284.jpg\" \/><\/a>\n<h3 class=\"pt-cv-title\"><a href=\"https:\/\/www.agres.es\/es\/turismo\/fiestas\/\" class=\"_self cvplbd\" target=\"_self\" data-iw=\"400\" data-ih=\"284\">Fiestas<\/a><\/h3><\/div><\/div>\n<div class=\"col-md-4 col-sm-6 col-xs-12 pt-cv-content-item pt-cv-1-col\"  data-pid=\"61703\"><div class='pt-cv-ifield'><a href=\"https:\/\/www.agres.es\/es\/turismo\/fotos-y-multimedia\/\" class=\"_self pt-cv-href-thumbnail pt-cv-thumb-default cvplbd cvp-lazy-container cvp-responsive-image img-none\" target=\"_self\" data-iw=\"400\" data-ih=\"284\"><img decoding=\"async\" width=\"400\" height=\"284\" src=\"https:\/\/www.agres.es\/wp-content\/plugins\/pt-content-views-pro\/public\/assets\/images\/lazy_image.png\" class=\"pt-cv-thumbnail img-none skip-lazy  cvplazy\" alt=\"Fotos y multimedia\" data-no-lazy=\"1\" data-cvpsrc=\"https:\/\/www.agres.es\/wp-content\/uploads\/2017\/05\/TorreAtalaia-400x284.jpg\" \/><\/a>\n<h3 class=\"pt-cv-title\"><a href=\"https:\/\/www.agres.es\/es\/turismo\/fotos-y-multimedia\/\" class=\"_self cvplbd\" target=\"_self\" data-iw=\"400\" data-ih=\"284\">Fotos y multimedia<\/a><\/h3><\/div><\/div>\n<div class=\"col-md-4 col-sm-6 col-xs-12 pt-cv-content-item pt-cv-1-col\"  data-pid=\"61705\"><div class='pt-cv-ifield'><a href=\"https:\/\/www.agres.es\/es\/turismo\/gastronomia\/\" class=\"_self pt-cv-href-thumbnail pt-cv-thumb-default cvplbd cvp-lazy-container cvp-responsive-image img-none\" target=\"_self\" data-iw=\"400\" data-ih=\"284\"><img decoding=\"async\" width=\"400\" height=\"284\" src=\"https:\/\/www.agres.es\/wp-content\/plugins\/pt-content-views-pro\/public\/assets\/images\/lazy_image.png\" class=\"pt-cv-thumbnail img-none skip-lazy  cvplazy\" alt=\"Gastronom\u00eda\" data-no-lazy=\"1\" data-cvpsrc=\"https:\/\/www.agres.es\/wp-content\/uploads\/2017\/05\/gastronomia-400x284.jpg\" \/><\/a>\n<h3 class=\"pt-cv-title\"><a href=\"https:\/\/www.agres.es\/es\/turismo\/gastronomia\/\" class=\"_self cvplbd\" target=\"_self\" data-iw=\"400\" data-ih=\"284\">Gastronom\u00eda<\/a><\/h3><\/div><\/div>\n<div class=\"col-md-4 col-sm-6 col-xs-12 pt-cv-content-item pt-cv-1-col\"  data-pid=\"61717\"><div class='pt-cv-ifield'><a href=\"https:\/\/www.agres.es\/es\/turismo\/patrimonio-cultural\/\" class=\"_self pt-cv-href-thumbnail pt-cv-thumb-default cvplbd cvp-lazy-container cvp-responsive-image img-none\" target=\"_self\" data-iw=\"400\" data-ih=\"284\"><img decoding=\"async\" width=\"400\" height=\"284\" src=\"https:\/\/www.agres.es\/wp-content\/plugins\/pt-content-views-pro\/public\/assets\/images\/lazy_image.png\" class=\"pt-cv-thumbnail img-none skip-lazy  cvplazy\" alt=\"Patrimonio Cultural\" data-no-lazy=\"1\" data-cvpsrc=\"https:\/\/www.agres.es\/wp-content\/uploads\/2017\/04\/banner2-400x284.jpg\" \/><\/a>\n<h3 class=\"pt-cv-title\"><a href=\"https:\/\/www.agres.es\/es\/turismo\/patrimonio-cultural\/\" class=\"_self cvplbd\" target=\"_self\" data-iw=\"400\" data-ih=\"284\">Patrimonio Cultural<\/a><\/h3><\/div><\/div>\n<div class=\"col-md-4 col-sm-6 col-xs-12 pt-cv-content-item pt-cv-1-col\"  data-pid=\"61697\"><div class='pt-cv-ifield'><a href=\"https:\/\/www.agres.es\/es\/turismo\/turismo-activo\/\" class=\"_self pt-cv-href-thumbnail pt-cv-thumb-default cvplbd cvp-lazy-container cvp-responsive-image img-none\" target=\"_self\" data-iw=\"400\" data-ih=\"284\"><img decoding=\"async\" width=\"400\" height=\"284\" src=\"https:\/\/www.agres.es\/wp-content\/plugins\/pt-content-views-pro\/public\/assets\/images\/lazy_image.png\" class=\"pt-cv-thumbnail img-none skip-lazy  cvplazy\" alt=\"Turismo activo\" data-no-lazy=\"1\" data-cvpsrc=\"https:\/\/www.agres.es\/wp-content\/uploads\/2017\/04\/banner1-400x284.jpg\" \/><\/a>\n<h3 class=\"pt-cv-title\"><a href=\"https:\/\/www.agres.es\/es\/turismo\/turismo-activo\/\" class=\"_self cvplbd\" target=\"_self\" data-iw=\"400\" data-ih=\"284\">Turismo activo<\/a><\/h3><\/div><\/div><\/div><\/div><\/div>\t\t\t<style type=\"text\/css\" id=\"pt-cv-inline-style-ef471a9ako\">#pt-cv-view-9bc06f0maj .pt-cv-title a, #pt-cv-view-9bc06f0maj  .panel-title { font-size: 16px !important; line-height: 1.3 !important; font-weight: 600 !important; }\n#pt-cv-view-9bc06f0maj .pt-cv-readmore  { color: #ffffff !important; background-color: #00aeef !important; }\n#pt-cv-view-9bc06f0maj .pt-cv-readmore:hover  { color: #ffffff !important; background-color: #00aeef !important; }\n#pt-cv-view-9bc06f0maj .cvp-responsive-image[style*=\"background-image\"] { width: 400px; max-height: 284px; overflow: hidden; aspect-ratio: 1.4084507042254 }\n#pt-cv-view-9bc06f0maj .cvp-responsive-image img { max-width: 400px; max-height: 284px; aspect-ratio: 1.4084507042254 }<\/style>\r\n\t\t\t\n[\/et_pb_text][\/et_pb_column][\/et_pb_row][\/et_pb_section][et_pb_section fb_built=\u00bb1&#8243; prev_background_color=\u00bb#ffffff\u00bb next_background_color=\u00bb#f3f3f3&#8243; _builder_version=\u00bb4.9.0&#8243; _module_preset=\u00bbdefault\u00bb background_image=\u00bbhttps:\/\/www.agres.es\/wp-content\/uploads\/2017\/04\/banner2.jpg\u00bb background_enable_video_mp4=\u00bboff\u00bb custom_padding=\u00bb7vw||7vw||true|false\u00bb top_divider_style=\u00bbarrow3&#8243; bottom_divider_style=\u00bbarrow3&#8243;][et_pb_row _builder_version=\u00bb4.9.0&#8243; _module_preset=\u00bbdefault\u00bb][et_pb_column type=\u00bb4_4&#8243; _builder_version=\u00bb4.9.0&#8243; _module_preset=\u00bbdefault\u00bb][et_pb_cta title=\u00bbAgres. Alicante pueblo a pueblo\u00bb button_url=\u00bbhttps:\/\/youtu.be\/IXvdiTJxSwY\u00bb url_new_window=\u00bbon\u00bb button_text=\u00bbVer el video\u00bb _builder_version=\u00bb4.9.0&#8243; _module_preset=\u00bbdefault\u00bb header_font=\u00bbAclonica||||||||\u00bb header_text_color=\u00bbgcid-20d03d3b-426f-48ed-88ab-329052c2cbd1&#8243; body_text_color=\u00bbgcid-20d03d3b-426f-48ed-88ab-329052c2cbd1&#8243; background_color=\u00bbgcid-6dcde82e-0cc5-4420-bd57-a0203b005733&#8243; custom_button=\u00bbon\u00bb button_text_size=\u00bb15px\u00bb button_text_color=\u00bb#FFFFFF\u00bb button_bg_color=\u00bbgcid-20d03d3b-426f-48ed-88ab-329052c2cbd1&#8243; link_option_url=\u00bbhttps:\/\/youtu.be\/IXvdiTJxSwY\u00bb link_option_url_new_window=\u00bbon\u00bb locked=\u00bboff\u00bb global_colors_info=\u00bb{%22gcid-6dcde82e-0cc5-4420-bd57-a0203b005733%22:%91%22background_color%22%93,%22gcid-20d03d3b-426f-48ed-88ab-329052c2cbd1%22:%91%22header_text_color%22,%22body_text_color%22,%22button_bg_color%22%93}\u00bb]\n<p>Bajo la mirada de la Sierra de Mariola, Agres ofrece unos parajes espectaculares coronados por el santuario de la Virgen de Agres y donde se encuentran un gran n\u00famero de fuentes de agua que provienen de los manantiales del parque natural, donde destacamos la ruta de los glaciares o cavas.<\/p>\n[\/et_pb_cta][\/et_pb_column][\/et_pb_row][\/et_pb_section][et_pb_section fb_built=\u00bb1&#8243; _builder_version=\u00bb4.9.0&#8243; background_color=\u00bbgcid-6dcde82e-0cc5-4420-bd57-a0203b005733&#8243; global_colors_info=\u00bb{%22gcid-6dcde82e-0cc5-4420-bd57-a0203b005733%22:%91%22background_color%22%93}\u00bb][et_pb_row module_class=\u00bb et_pb_row_fullwidth\u00bb _builder_version=\u00bb3.25&#8243; background_size=\u00bbinitial\u00bb background_position=\u00bbtop_left\u00bb background_repeat=\u00bbrepeat\u00bb width=\u00bb89%\u00bb width_tablet=\u00bb80%\u00bb width_phone=\u00bb\u00bb width_last_edited=\u00bbon|desktop\u00bb max_width=\u00bb89%\u00bb max_width_tablet=\u00bb80%\u00bb max_width_phone=\u00bb\u00bb max_width_last_edited=\u00bbon|desktop\u00bb make_fullwidth=\u00bbon\u00bb][et_pb_column type=\u00bb4_4&#8243; _builder_version=\u00bb3.25&#8243; custom_padding=\u00bb|||\u00bb custom_padding__hover=\u00bb|||\u00bb][et_pb_text _builder_version=\u00bb3.27.4&#8243; text_font=\u00bbAclonica||||||||\u00bb background_size=\u00bbinitial\u00bb background_position=\u00bbtop_left\u00bb background_repeat=\u00bbrepeat\u00bb]\n<h2 style=\"text-align: center;\">Costa Blanca<\/h2>\n[\/et_pb_text][et_pb_text _builder_version=\u00bb3.27.4&#8243; background_size=\u00bbinitial\u00bb background_position=\u00bbtop_left\u00bb background_repeat=\u00bbrepeat\u00bb]\n<p align=\"justify\"><span style=\"font-size: small;\"><a href=\"https:\/\/www.agres.es\/wp-content\/uploads\/2017\/05\/logo_costa_blanca.jpg\"><img decoding=\"async\" class=\"size-medium wp-image-28900 alignleft\" src=\"https:\/\/www.agres.es\/wp-content\/uploads\/2017\/05\/logo_costa_blanca-300x173.jpg\" alt=\"\" width=\"300\" height=\"173\" srcset=\"https:\/\/www.agres.es\/wp-content\/uploads\/2017\/05\/logo_costa_blanca-300x173.jpg 300w, https:\/\/www.agres.es\/wp-content\/uploads\/2017\/05\/logo_costa_blanca.jpg 350w\" sizes=\"(max-width: 300px) 100vw, 300px\" \/><\/a><\/span><\/p>\n<p align=\"justify\">M\u00e1s de 218 kil\u00f3metros de costa repletos de playas de aguas tranquilas \u2022 las y arenas suaves, 2.800 horas de sol al a\u00f1o, un clima privilegiado y un mar suave han sido durante d\u00e9cadas el reclamo fundamental para que llegaran hasta nosotros millones de viajeros .<\/p>\n<p>Con el paso de los a\u00f1os, el desarrollo de modernas infraestructuras tur\u00edsticas y v\u00edas de comunicaci\u00f3n ha facilitado el acceso a nuestras tierras. <strong>El paisaje de la Costa Blanca est\u00e1 marcado por el mar, pero tambi\u00e9n por las monta\u00f1as que se miran. La provincia alicantina es la segunda m\u00e1s monta\u00f1osa de Espa\u00f1a; el paisaje mediterr\u00e1neo se muestra en su grandeza. Desde los valles que guardan los cultivos escalonados, de origen morisco, hasta los horizontes repletos de monta\u00f1as cubiertas por encinas, pinos y algarrobos y perfumados por una amplia variedad de plantas arom\u00e1ticas. Los amantes de la monta\u00f1a y del senderismo tienen asegurados recorridos bien se\u00f1alizados por las comarcas interiores.<\/strong> Al sur de la provincia, las monta\u00f1as desaparecen y el paisaje se suaviza, surgen los campos de palmeras y los huertos marcan el horizonte.<\/p>\n<p>Adem\u00e1s, <strong>nuestro territorio est\u00e1 lleno de yacimientos arqueol\u00f3gicos que dan idea de la riqueza hist\u00f3rica de esta zona, poblada desde hace miles de a\u00f1os. Fenicios, cartagineses, romanos y musulmanes dejaron aqu\u00ed su huella; a trav\u00e9s de sus restos nos Figueres tambi\u00e9n su forma de vida.<\/strong> En la costa o en el interior, el viajero tendr\u00e1 la oportunidad de descubrir nuestra riqueza gastron\u00f3mica y la calidad de los vinos que elaboran nuestras bodegas.<\/p>\n<p><strong>Los visitantes podr\u00e1n recorrer, si quieren, peque\u00f1os pueblos escondidos entre sierras o las m\u00e1s modernas y animadas ciudades costeras, con una intensa vida nocturna. La historia y la arquitectura monumental marcan el paisaje de pueblos y ciudades interiores.<\/strong> Hay numerosos puertos deportivos e innumerables instala \u2022 instalaciones repartidas por todo el litoral para disfrutar del mar y de la oferta n\u00e1utica.<\/p>\n<p>Los amantes del golf pueden estar seguros de encontrar entre nosotros campos dotados de inmejorables instala \u2022 instalaciones.<\/p>\n<p><strong>Deseamos que viajeros de todas las edades encuentran entre nosotros el destino que buscaban. Por eso nos esforzamos cada d\u00eda.<\/strong><\/p>\n[\/et_pb_text][\/et_pb_column][\/et_pb_row][\/et_pb_section][et_pb_section fb_built=\u00bb1&#8243; _builder_version=\u00bb4.9.0&#8243; _module_preset=\u00bbdefault\u00bb background_image=\u00bbhttps:\/\/www.agres.es\/wp-content\/uploads\/2017\/04\/banner3.jpg\u00bb][et_pb_row _builder_version=\u00bb4.9.0&#8243; _module_preset=\u00bbdefault\u00bb][et_pb_column type=\u00bb4_4&#8243; _builder_version=\u00bb4.9.0&#8243; _module_preset=\u00bbdefault\u00bb][et_pb_cta title=\u00bbNuestra historia\u00bb button_url=\u00bb@ET-DC@eyJkeW5hbWljIjp0cnVlLCJjb250ZW50IjoicG9zdF9saW5rX3VybF9wYWdlIiwic2V0dGluZ3MiOnsicG9zdF9pZCI6IjI4ODYwIn19@\u00bb button_text=\u00bbLeer m\u00e1s\u00bb _builder_version=\u00bb4.9.2&#8243; _dynamic_attributes=\u00bbbutton_url,link_option_url\u00bb _module_preset=\u00bbdefault\u00bb header_font=\u00bbAclonica||||||||\u00bb header_text_color=\u00bbgcid-20d03d3b-426f-48ed-88ab-329052c2cbd1&#8243; body_text_color=\u00bbgcid-20d03d3b-426f-48ed-88ab-329052c2cbd1&#8243; background_color=\u00bbgcid-6dcde82e-0cc5-4420-bd57-a0203b005733&#8243; custom_button=\u00bbon\u00bb button_text_size=\u00bb15px\u00bb button_text_color=\u00bb#FFFFFF\u00bb button_bg_color=\u00bbgcid-20d03d3b-426f-48ed-88ab-329052c2cbd1&#8243; link_option_url=\u00bb@ET-DC@eyJkeW5hbWljIjp0cnVlLCJjb250ZW50IjoicG9zdF9saW5rX3VybF9wYWdlIiwic2V0dGluZ3MiOnsicG9zdF9pZCI6IjI4ODYwIn19@\u00bb hover_enabled=\u00bb0&#8243; global_colors_info=\u00bb{%22gcid-6dcde82e-0cc5-4420-bd57-a0203b005733%22:%91%22background_color%22%93,%22gcid-20d03d3b-426f-48ed-88ab-329052c2cbd1%22:%91%22header_text_color%22,%22body_text_color%22,%22button_bg_color%22%93}\u00bb sticky_enabled=\u00bb0&#8243;]\n<p>El t\u00e9rmino de Agres fue habitado por el hombre desde los tiempos m\u00e1s remotos. Los yacimientos arqueol\u00f3gicos de la Cova Beneito, la Solana, Carbonell, la Coveta El emparet\u00e0, la cueva del Moro, la cueva los Pilares, la Mola de Agres, el Pico del \u00c1guila, el Cabe\u00e7o de Mariola y la Covalta, han descubierto restos del hombre paleol\u00edtico, 40.000 a 30.000 a\u00f1os antes de Cristo y del Neol\u00edtico, 500 a\u00f1os antes de Cristo.<\/p>\n[\/et_pb_cta][\/et_pb_column][\/et_pb_row][\/et_pb_section]\n","protected":false},"excerpt":{"rendered":"<p>Tourist Info Datos: Direcci\u00f3n:\u00a0C\/Mayor \u00a0s\/n, 03837 Agres E-Mail:\u00a0agres@touristinfo.net Tel\u00e9fono: 965510001 Ven a conocernos <div class=\"pt-cv-wrapper et_smooth_scroll_disabled\"><div class=\"pt-cv-view pt-cv-grid pt-cv-colsys\" id=\"pt-cv-view-9bc06f0maj\"><div data-id=\"pt-cv-page-1\" class=\"pt-cv-page\" data-cvc=\"3\"><div class=\"col-md-4 col-sm-6 col-xs-12 pt-cv-content-item pt-cv-1-col\"  data-pid=\"61679\"><div class='pt-cv-ifield'><a href=\"https:\/\/www.agres.es\/es\/turismo\/alojamientos\/\" class=\"_self pt-cv-href-thumbnail pt-cv-thumb-default cvplbd cvp-lazy-container cvp-responsive-image img-none\" target=\"_self\" data-iw=\"400\" data-ih=\"284\"><img width=\"400\" height=\"284\" src=\"https:\/\/www.agres.es\/wp-content\/plugins\/pt-content-views-pro\/public\/assets\/images\/lazy_image.png\" class=\"pt-cv-thumbnail img-none skip-lazy  cvplazy\" alt=\"Alojamientos\" decoding=\"async\" data-no-lazy=\"1\" data-cvpsrc=\"https:\/\/www.agres.es\/wp-content\/uploads\/2021\/03\/alojamiento-400x284.jpg\" \/><\/a>\n<h3 class=\"pt-cv-title\"><a href=\"https:\/\/www.agres.es\/es\/turismo\/alojamientos\/\" class=\"_self cvplbd\" target=\"_self\" data-iw=\"400\" data-ih=\"284\">Alojamientos<\/a><\/h3><\/div><\/div>\n<div class=\"col-md-4 col-sm-6 col-xs-12 pt-cv-content-item pt-cv-1-col\"  data-pid=\"61684\"><div class='pt-cv-ifield'><a href=\"https:\/\/www.agres.es\/es\/turismo\/fiestas\/\" class=\"_self pt-cv-href-thumbnail pt-cv-thumb-default cvplbd cvp-lazy-container cvp-responsive-image img-none\" target=\"_self\" data-iw=\"400\" data-ih=\"284\"><img width=\"400\" height=\"284\" src=\"https:\/\/www.agres.es\/wp-content\/plugins\/pt-content-views-pro\/public\/assets\/images\/lazy_image.png\" class=\"pt-cv-thumbnail img-none skip-lazy  cvplazy\" alt=\"Festes del Pi\" decoding=\"async\" data-no-lazy=\"1\" data-cvpsrc=\"https:\/\/www.agres.es\/wp-content\/uploads\/2017\/05\/fiestas-del-Pino-400x284.jpg\" \/><\/a>\n<h3 class=\"pt-cv-title\"><a href=\"https:\/\/www.agres.es\/es\/turismo\/fiestas\/\" class=\"_self cvplbd\" target=\"_self\" data-iw=\"400\" data-ih=\"284\">Fiestas<\/a><\/h3><\/div><\/div>\n<div class=\"col-md-4 col-sm-6 col-xs-12 pt-cv-content-item pt-cv-1-col\"  data-pid=\"61703\"><div class='pt-cv-ifield'><a href=\"https:\/\/www.agres.es\/es\/turismo\/fotos-y-multimedia\/\" class=\"_self pt-cv-href-thumbnail pt-cv-thumb-default cvplbd cvp-lazy-container cvp-responsive-image img-none\" target=\"_self\" data-iw=\"400\" data-ih=\"284\"><img width=\"400\" height=\"284\" src=\"https:\/\/www.agres.es\/wp-content\/plugins\/pt-content-views-pro\/public\/assets\/images\/lazy_image.png\" class=\"pt-cv-thumbnail img-none skip-lazy  cvplazy\" alt=\"Fotos y multimedia\" decoding=\"async\" data-no-lazy=\"1\" data-cvpsrc=\"https:\/\/www.agres.es\/wp-content\/uploads\/2017\/05\/TorreAtalaia-400x284.jpg\" \/><\/a>\n<h3 class=\"pt-cv-title\"><a href=\"https:\/\/www.agres.es\/es\/turismo\/fotos-y-multimedia\/\" class=\"_self cvplbd\" target=\"_self\" data-iw=\"400\" data-ih=\"284\">Fotos y multimedia<\/a><\/h3><\/div><\/div>\n<div class=\"col-md-4 col-sm-6 col-xs-12 pt-cv-content-item pt-cv-1-col\"  data-pid=\"61705\"><div class='pt-cv-ifield'><a href=\"https:\/\/www.agres.es\/es\/turismo\/gastronomia\/\" class=\"_self pt-cv-href-thumbnail pt-cv-thumb-default cvplbd cvp-lazy-container cvp-responsive-image img-none\" target=\"_self\" data-iw=\"400\" data-ih=\"284\"><img width=\"400\" height=\"284\" src=\"https:\/\/www.agres.es\/wp-content\/plugins\/pt-content-views-pro\/public\/assets\/images\/lazy_image.png\" class=\"pt-cv-thumbnail img-none skip-lazy  cvplazy\" alt=\"Gastronom\u00eda\" decoding=\"async\" data-no-lazy=\"1\" data-cvpsrc=\"https:\/\/www.agres.es\/wp-content\/uploads\/2017\/05\/gastronomia-400x284.jpg\" \/><\/a>\n<h3 class=\"pt-cv-title\"><a href=\"https:\/\/www.agres.es\/es\/turismo\/gastronomia\/\" class=\"_self cvplbd\" target=\"_self\" data-iw=\"400\" data-ih=\"284\">Gastronom\u00eda<\/a><\/h3><\/div><\/div>\n<div class=\"col-md-4 col-sm-6 col-xs-12 pt-cv-content-item pt-cv-1-col\"  data-pid=\"61717\"><div class='pt-cv-ifield'><a href=\"https:\/\/www.agres.es\/es\/turismo\/patrimonio-cultural\/\" class=\"_self pt-cv-href-thumbnail pt-cv-thumb-default cvplbd cvp-lazy-container cvp-responsive-image img-none\" target=\"_self\" data-iw=\"400\" data-ih=\"284\"><img width=\"400\" height=\"284\" src=\"https:\/\/www.agres.es\/wp-content\/plugins\/pt-content-views-pro\/public\/assets\/images\/lazy_image.png\" class=\"pt-cv-thumbnail img-none skip-lazy  cvplazy\" alt=\"Patrimonio Cultural\" decoding=\"async\" data-no-lazy=\"1\" data-cvpsrc=\"https:\/\/www.agres.es\/wp-content\/uploads\/2017\/04\/banner2-400x284.jpg\" \/><\/a>\n<h3 class=\"pt-cv-title\"><a href=\"https:\/\/www.agres.es\/es\/turismo\/patrimonio-cultural\/\" class=\"_self cvplbd\" target=\"_self\" data-iw=\"400\" data-ih=\"284\">Patrimonio Cultural<\/a><\/h3><\/div><\/div>\n<div class=\"col-md-4 col-sm-6 col-xs-12 pt-cv-content-item pt-cv-1-col\"  data-pid=\"61697\"><div class='pt-cv-ifield'><a href=\"https:\/\/www.agres.es\/es\/turismo\/turismo-activo\/\" class=\"_self pt-cv-href-thumbnail pt-cv-thumb-default cvplbd cvp-lazy-container cvp-responsive-image img-none\" target=\"_self\" data-iw=\"400\" data-ih=\"284\"><img width=\"400\" height=\"284\" src=\"https:\/\/www.agres.es\/wp-content\/plugins\/pt-content-views-pro\/public\/assets\/images\/lazy_image.png\" class=\"pt-cv-thumbnail img-none skip-lazy  cvplazy\" alt=\"Turismo activo\" decoding=\"async\" data-no-lazy=\"1\" data-cvpsrc=\"https:\/\/www.agres.es\/wp-content\/uploads\/2017\/04\/banner1-400x284.jpg\" \/><\/a>\n<h3 class=\"pt-cv-title\"><a href=\"https:\/\/www.agres.es\/es\/turismo\/turismo-activo\/\" class=\"_self cvplbd\" target=\"_self\" data-iw=\"400\" data-ih=\"284\">Turismo activo<\/a><\/h3><\/div><\/div><\/div><\/div><\/div>\t\t\t<style type=\"text\/css\" id=\"pt-cv-inline-style-2efd1f7akt\">#pt-cv-view-9bc06f0maj .pt-cv-title a, #pt-cv-view-9bc06f0maj  .panel-title { font-size: 16px !important; line-height: 1.3 !important; font-weight: 600 !important; }\n#pt-cv-view-9bc06f0maj .pt-cv-readmore  { color: #ffffff !important; background-color: #00aeef !important; }\n#pt-cv-view-9bc06f0maj .pt-cv-readmore:hover  { color: #ffffff !important; background-color: #00aeef !important; }\n#pt-cv-view-9bc06f0maj .cvp-responsive-image[style*=\"background-image\"] { width: 400px; max-height: 284px; overflow: hidden; aspect-ratio: 1.4084507042254 }\n#pt-cv-view-9bc06f0maj .cvp-responsive-image img { max-width: 400px; max-height: 284px; aspect-ratio: 1.4084507042254 }<\/style>\r\n\t\t\tBajo la mirada de la Sierra de Mariola, Agres ofrece unos parajes espectaculares coronados por el [&hellip;]<\/p>\n","protected":false},"author":1,"featured_media":0,"parent":0,"menu_order":0,"comment_status":"closed","ping_status":"closed","template":"","meta":{"_et_pb_use_builder":"on","_et_pb_old_content":"","_et_gb_content_width":"","footnotes":""},"class_list":["post-61730","page","type-page","status-publish","hentry"],"yoast_head":"<!-- This site is optimized with the Yoast SEO plugin v26.9 - https:\/\/yoast.com\/product\/yoast-seo-wordpress\/ -->\n<title>Turismo - Agres<\/title>\n<meta name=\"robots\" content=\"index, follow, max-snippet:-1, max-image-preview:large, max-video-preview:-1\" \/>\n<link rel=\"canonical\" href=\"https:\/\/www.agres.es\/es\/turismo\/\" \/>\n<meta property=\"og:locale\" content=\"es_ES\" \/>\n<meta property=\"og:type\" content=\"article\" \/>\n<meta property=\"og:title\" content=\"Turismo - Agres\" \/>\n<meta property=\"og:description\" content=\"Tourist Info Datos: Direcci\u00f3n:\u00a0C\/Mayor \u00a0s\/n, 03837 Agres E-Mail:\u00a0agres@touristinfo.net Tel\u00e9fono: 965510001 Ven a conocernos Bajo la mirada de la Sierra de Mariola, Agres ofrece unos parajes espectaculares coronados por el [&hellip;]\" \/>\n<meta property=\"og:url\" content=\"https:\/\/www.agres.es\/es\/turismo\/\" \/>\n<meta property=\"og:site_name\" content=\"Agres\" \/>\n<meta property=\"article:modified_time\" content=\"2021-03-15T11:21:25+00:00\" \/>\n<meta property=\"og:image\" content=\"https:\/\/www.agres.es\/wp-content\/uploads\/2017\/05\/logo_costa_blanca-300x173.jpg\" \/>\n<meta name=\"twitter:card\" content=\"summary_large_image\" \/>\n<meta name=\"twitter:label1\" content=\"Tiempo de lectura\" \/>\n\t<meta name=\"twitter:data1\" content=\"8 minutos\" \/>\n<script type=\"application\/ld+json\" class=\"yoast-schema-graph\">{\"@context\":\"https:\/\/schema.org\",\"@graph\":[{\"@type\":\"WebPage\",\"@id\":\"https:\/\/www.agres.es\/es\/turismo\/\",\"url\":\"https:\/\/www.agres.es\/es\/turismo\/\",\"name\":\"Turismo - Agres\",\"isPartOf\":{\"@id\":\"https:\/\/www.agres.es\/es\/#website\"},\"primaryImageOfPage\":{\"@id\":\"https:\/\/www.agres.es\/es\/turismo\/#primaryimage\"},\"image\":{\"@id\":\"https:\/\/www.agres.es\/es\/turismo\/#primaryimage\"},\"thumbnailUrl\":\"https:\/\/www.agres.es\/wp-content\/uploads\/2017\/05\/logo_costa_blanca-300x173.jpg\",\"datePublished\":\"2021-03-12T07:19:44+00:00\",\"dateModified\":\"2021-03-15T11:21:25+00:00\",\"breadcrumb\":{\"@id\":\"https:\/\/www.agres.es\/es\/turismo\/#breadcrumb\"},\"inLanguage\":\"es\",\"potentialAction\":[{\"@type\":\"ReadAction\",\"target\":[\"https:\/\/www.agres.es\/es\/turismo\/\"]}]},{\"@type\":\"ImageObject\",\"inLanguage\":\"es\",\"@id\":\"https:\/\/www.agres.es\/es\/turismo\/#primaryimage\",\"url\":\"https:\/\/www.agres.es\/wp-content\/uploads\/2017\/05\/logo_costa_blanca-300x173.jpg\",\"contentUrl\":\"https:\/\/www.agres.es\/wp-content\/uploads\/2017\/05\/logo_costa_blanca-300x173.jpg\"},{\"@type\":\"BreadcrumbList\",\"@id\":\"https:\/\/www.agres.es\/es\/turismo\/#breadcrumb\",\"itemListElement\":[{\"@type\":\"ListItem\",\"position\":1,\"name\":\"Inicio\",\"item\":\"https:\/\/www.agres.es\/es\/\"},{\"@type\":\"ListItem\",\"position\":2,\"name\":\"Turismo\"}]},{\"@type\":\"WebSite\",\"@id\":\"https:\/\/www.agres.es\/es\/#website\",\"url\":\"https:\/\/www.agres.es\/es\/\",\"name\":\"Agres\",\"description\":\"Ayuntamiento de la Vila de Agres\",\"potentialAction\":[{\"@type\":\"SearchAction\",\"target\":{\"@type\":\"EntryPoint\",\"urlTemplate\":\"https:\/\/www.agres.es\/es\/?s={search_term_string}\"},\"query-input\":{\"@type\":\"PropertyValueSpecification\",\"valueRequired\":true,\"valueName\":\"search_term_string\"}}],\"inLanguage\":\"es\"}]}<\/script>\n<!-- \/ Yoast SEO plugin. -->","yoast_head_json":{"title":"Turismo - Agres","robots":{"index":"index","follow":"follow","max-snippet":"max-snippet:-1","max-image-preview":"max-image-preview:large","max-video-preview":"max-video-preview:-1"},"canonical":"https:\/\/www.agres.es\/es\/turismo\/","og_locale":"es_ES","og_type":"article","og_title":"Turismo - Agres","og_description":"Tourist Info Datos: Direcci\u00f3n:\u00a0C\/Mayor \u00a0s\/n, 03837 Agres E-Mail:\u00a0agres@touristinfo.net Tel\u00e9fono: 965510001 Ven a conocernos Bajo la mirada de la Sierra de Mariola, Agres ofrece unos parajes espectaculares coronados por el [&hellip;]","og_url":"https:\/\/www.agres.es\/es\/turismo\/","og_site_name":"Agres","article_modified_time":"2021-03-15T11:21:25+00:00","og_image":[{"url":"https:\/\/www.agres.es\/wp-content\/uploads\/2017\/05\/logo_costa_blanca-300x173.jpg","type":"","width":"","height":""}],"twitter_card":"summary_large_image","twitter_misc":{"Tiempo de lectura":"8 minutos"},"schema":{"@context":"https:\/\/schema.org","@graph":[{"@type":"WebPage","@id":"https:\/\/www.agres.es\/es\/turismo\/","url":"https:\/\/www.agres.es\/es\/turismo\/","name":"Turismo - Agres","isPartOf":{"@id":"https:\/\/www.agres.es\/es\/#website"},"primaryImageOfPage":{"@id":"https:\/\/www.agres.es\/es\/turismo\/#primaryimage"},"image":{"@id":"https:\/\/www.agres.es\/es\/turismo\/#primaryimage"},"thumbnailUrl":"https:\/\/www.agres.es\/wp-content\/uploads\/2017\/05\/logo_costa_blanca-300x173.jpg","datePublished":"2021-03-12T07:19:44+00:00","dateModified":"2021-03-15T11:21:25+00:00","breadcrumb":{"@id":"https:\/\/www.agres.es\/es\/turismo\/#breadcrumb"},"inLanguage":"es","potentialAction":[{"@type":"ReadAction","target":["https:\/\/www.agres.es\/es\/turismo\/"]}]},{"@type":"ImageObject","inLanguage":"es","@id":"https:\/\/www.agres.es\/es\/turismo\/#primaryimage","url":"https:\/\/www.agres.es\/wp-content\/uploads\/2017\/05\/logo_costa_blanca-300x173.jpg","contentUrl":"https:\/\/www.agres.es\/wp-content\/uploads\/2017\/05\/logo_costa_blanca-300x173.jpg"},{"@type":"BreadcrumbList","@id":"https:\/\/www.agres.es\/es\/turismo\/#breadcrumb","itemListElement":[{"@type":"ListItem","position":1,"name":"Inicio","item":"https:\/\/www.agres.es\/es\/"},{"@type":"ListItem","position":2,"name":"Turismo"}]},{"@type":"WebSite","@id":"https:\/\/www.agres.es\/es\/#website","url":"https:\/\/www.agres.es\/es\/","name":"Agres","description":"Ayuntamiento de la Vila de Agres","potentialAction":[{"@type":"SearchAction","target":{"@type":"EntryPoint","urlTemplate":"https:\/\/www.agres.es\/es\/?s={search_term_string}"},"query-input":{"@type":"PropertyValueSpecification","valueRequired":true,"valueName":"search_term_string"}}],"inLanguage":"es"}]}},"_links":{"self":[{"href":"https:\/\/www.agres.es\/es\/wp-json\/wp\/v2\/pages\/61730","targetHints":{"allow":["GET"]}}],"collection":[{"href":"https:\/\/www.agres.es\/es\/wp-json\/wp\/v2\/pages"}],"about":[{"href":"https:\/\/www.agres.es\/es\/wp-json\/wp\/v2\/types\/page"}],"author":[{"embeddable":true,"href":"https:\/\/www.agres.es\/es\/wp-json\/wp\/v2\/users\/1"}],"replies":[{"embeddable":true,"href":"https:\/\/www.agres.es\/es\/wp-json\/wp\/v2\/comments?post=61730"}],"version-history":[{"count":0,"href":"https:\/\/www.agres.es\/es\/wp-json\/wp\/v2\/pages\/61730\/revisions"}],"wp:attachment":[{"href":"https:\/\/www.agres.es\/es\/wp-json\/wp\/v2\/media?parent=61730"}],"curies":[{"name":"wp","href":"https:\/\/api.w.org\/{rel}","templated":true}]}}