{"id":61817,"date":"2021-03-12T12:49:15","date_gmt":"2021-03-12T11:49:15","guid":{"rendered":"https:\/\/www.agres.es\/aviso-legal\/"},"modified":"2021-03-12T12:50:27","modified_gmt":"2021-03-12T11:50:27","slug":"aviso-legal","status":"publish","type":"page","link":"https:\/\/www.agres.es\/es\/aviso-legal\/","title":{"rendered":"Aviso legal"},"content":{"rendered":"[et_pb_section bb_built=\u00bb1&#8243;][et_pb_row][et_pb_column type=\u00bb4_4&#8243;][et_pb_text _builder_version=\u00bb4.9.1&#8243; text_text_shadow_horizontal_length=\u00bbtext_text_shadow_style,%91object Object%93&#8243; text_text_shadow_horizontal_length_tablet=\u00bb0px\u00bb text_text_shadow_vertical_length=\u00bbtext_text_shadow_style,%91object Object%93&#8243; text_text_shadow_vertical_length_tablet=\u00bb0px\u00bb text_text_shadow_blur_strength=\u00bbtext_text_shadow_style,%91object Object%93&#8243; text_text_shadow_blur_strength_tablet=\u00bb1px\u00bb link_text_shadow_horizontal_length=\u00bblink_text_shadow_style,%91object Object%93&#8243; link_text_shadow_horizontal_length_tablet=\u00bb0px\u00bb link_text_shadow_vertical_length=\u00bblink_text_shadow_style,%91object Object%93&#8243; link_text_shadow_vertical_length_tablet=\u00bb0px\u00bb link_text_shadow_blur_strength=\u00bblink_text_shadow_style,%91object Object%93&#8243; link_text_shadow_blur_strength_tablet=\u00bb1px\u00bb ul_text_shadow_horizontal_length=\u00bbul_text_shadow_style,%91object Object%93&#8243; ul_text_shadow_horizontal_length_tablet=\u00bb0px\u00bb ul_text_shadow_vertical_length=\u00bbul_text_shadow_style,%91object Object%93&#8243; ul_text_shadow_vertical_length_tablet=\u00bb0px\u00bb ul_text_shadow_blur_strength=\u00bbul_text_shadow_style,%91object Object%93&#8243; ul_text_shadow_blur_strength_tablet=\u00bb1px\u00bb ol_text_shadow_horizontal_length=\u00bbol_text_shadow_style,%91object Object%93&#8243; ol_text_shadow_horizontal_length_tablet=\u00bb0px\u00bb ol_text_shadow_vertical_length=\u00bbol_text_shadow_style,%91object Object%93&#8243; ol_text_shadow_vertical_length_tablet=\u00bb0px\u00bb ol_text_shadow_blur_strength=\u00bbol_text_shadow_style,%91object Object%93&#8243; ol_text_shadow_blur_strength_tablet=\u00bb1px\u00bb quote_text_shadow_horizontal_length=\u00bbquote_text_shadow_style,%91object Object%93&#8243; quote_text_shadow_horizontal_length_tablet=\u00bb0px\u00bb quote_text_shadow_vertical_length=\u00bbquote_text_shadow_style,%91object Object%93&#8243; quote_text_shadow_vertical_length_tablet=\u00bb0px\u00bb quote_text_shadow_blur_strength=\u00bbquote_text_shadow_style,%91object Object%93&#8243; quote_text_shadow_blur_strength_tablet=\u00bb1px\u00bb header_text_shadow_horizontal_length=\u00bbheader_text_shadow_style,%91object Object%93&#8243; header_text_shadow_horizontal_length_tablet=\u00bb0px\u00bb header_text_shadow_vertical_length=\u00bbheader_text_shadow_style,%91object Object%93&#8243; header_text_shadow_vertical_length_tablet=\u00bb0px\u00bb header_text_shadow_blur_strength=\u00bbheader_text_shadow_style,%91object Object%93&#8243; header_text_shadow_blur_strength_tablet=\u00bb1px\u00bb header_2_text_shadow_horizontal_length=\u00bbheader_2_text_shadow_style,%91object Object%93&#8243; header_2_text_shadow_horizontal_length_tablet=\u00bb0px\u00bb header_2_text_shadow_vertical_length=\u00bbheader_2_text_shadow_style,%91object Object%93&#8243; header_2_text_shadow_vertical_length_tablet=\u00bb0px\u00bb header_2_text_shadow_blur_strength=\u00bbheader_2_text_shadow_style,%91object Object%93&#8243; header_2_text_shadow_blur_strength_tablet=\u00bb1px\u00bb header_3_text_shadow_horizontal_length=\u00bbheader_3_text_shadow_style,%91object Object%93&#8243; header_3_text_shadow_horizontal_length_tablet=\u00bb0px\u00bb header_3_text_shadow_vertical_length=\u00bbheader_3_text_shadow_style,%91object Object%93&#8243; header_3_text_shadow_vertical_length_tablet=\u00bb0px\u00bb header_3_text_shadow_blur_strength=\u00bbheader_3_text_shadow_style,%91object Object%93&#8243; header_3_text_shadow_blur_strength_tablet=\u00bb1px\u00bb header_4_text_shadow_horizontal_length=\u00bbheader_4_text_shadow_style,%91object Object%93&#8243; header_4_text_shadow_horizontal_length_tablet=\u00bb0px\u00bb header_4_text_shadow_vertical_length=\u00bbheader_4_text_shadow_style,%91object Object%93&#8243; header_4_text_shadow_vertical_length_tablet=\u00bb0px\u00bb header_4_text_shadow_blur_strength=\u00bbheader_4_text_shadow_style,%91object Object%93&#8243; header_4_text_shadow_blur_strength_tablet=\u00bb1px\u00bb header_5_text_shadow_horizontal_length=\u00bbheader_5_text_shadow_style,%91object Object%93&#8243; header_5_text_shadow_horizontal_length_tablet=\u00bb0px\u00bb header_5_text_shadow_vertical_length=\u00bbheader_5_text_shadow_style,%91object Object%93&#8243; header_5_text_shadow_vertical_length_tablet=\u00bb0px\u00bb header_5_text_shadow_blur_strength=\u00bbheader_5_text_shadow_style,%91object Object%93&#8243; header_5_text_shadow_blur_strength_tablet=\u00bb1px\u00bb header_6_text_shadow_horizontal_length=\u00bbheader_6_text_shadow_style,%91object Object%93&#8243; header_6_text_shadow_horizontal_length_tablet=\u00bb0px\u00bb header_6_text_shadow_vertical_length=\u00bbheader_6_text_shadow_style,%91object Object%93&#8243; header_6_text_shadow_vertical_length_tablet=\u00bb0px\u00bb header_6_text_shadow_blur_strength=\u00bbheader_6_text_shadow_style,%91object Object%93&#8243; header_6_text_shadow_blur_strength_tablet=\u00bb1px\u00bb box_shadow_horizontal_tablet=\u00bb0px\u00bb box_shadow_vertical_tablet=\u00bb0px\u00bb box_shadow_blur_tablet=\u00bb40px\u00bb box_shadow_spread_tablet=\u00bb0px\u00bb vertical_offset_tablet=\u00bb0&#8243; horizontal_offset_tablet=\u00bb0&#8243; z_index_tablet=\u00bb0&#8243;]\n<h4>1. Titularidad del sitio web<\/h4>\n<p><strong>https:\/\/www.agres.es<\/strong>, es un dominio en internet titularidad del Excmo. Ayuntamiento de la Vila de<strong>Agres, CIF P0300300A<\/strong>, con sede y domicilio social en\u00a0<strong>Plaza Espa\u00f1a, 1, Telefono 965 51 00 01 \u2013 FAX 965 51 02 88<\/strong>\u00a0y e-mail\u00a0<a href=\"mailto:agres@agres.es\">agres@agres.es<\/a>.<\/p>\n<h4>2. Recomendaciones de acceso<\/h4>\n<p>Resoluci\u00f3n de pantalla: 1024 x 768.<br \/>\nVersiones de los navegadores:<br \/>\nExplorer: 5.5<br \/>\nMozilla: 1.7<br \/>\nFireFox: 0.7<\/p>\n<h4>\u00a03. Objeto<\/h4>\n<p>El Ayuntamiento, a trav\u00e9s de este espacio web, pone a disposici\u00f3n de los diferentes usuarios el acceso y utilizaci\u00f3n de servicios e informaci\u00f3n referidos tanto a su \u00e1mbito de actuaci\u00f3n como, en su caso, proporcionados por terceros.<\/p>\n<h4>4. T\u00e9rminos y condiciones de uso<\/h4>\n<p>Se considera usuario del presente sitio web a cualquiera que acceda y utilice el mismo. La condici\u00f3n de usuario conlleva la total aceptaci\u00f3n de las condiciones establecidas en el presente Aviso Legal y en las especiales que puedan establecerse para determina dos servicios y utilidades. Los usuarios adquieren el compromiso de ajustar su actuaci\u00f3n a las citadas condiciones y a observar lo dispuesto por la normativa legal, as\u00ed como a las instrucciones y avisos que se pongan en su conocimiento. Cuando sea necesaria la utilizaci\u00f3n de una contrase\u00f1a o nombre de usuario para acceder a alg\u00fan contenido o servicio de este sitio web, el usuario queda obligado a mantenerla en secreto y a hacer de ella un uso diligente. En caso de p\u00e9rdida o utilizaci\u00f3n negligente dela contrase\u00f1a el usuario responder\u00e1 de la utilizaci\u00f3n que de ella hayan podido hacer terceras personas.<\/p>\n<p>Los derechos de propiedad intelectual del contenido, informaci\u00f3n, gr\u00e1ficos, dise\u00f1o, multimedia, aplicaciones, productos, servicios y cualquier otro material de este sitio web son propiedad del Ayuntamiento, a menos que se especifique lo contrario. Queda, por tanto, prohibida su copia, reproducci\u00f3n, distribuci\u00f3n, publicaci\u00f3n, descarga, exhibici\u00f3n o transmisi\u00f3n en cualquier formato o medio, incluyendo medios electr\u00f3nicos, mec\u00e1nicos, reprogr\u00e1ficos, de grabaci\u00f3n o cualquier otro, sin el permiso previo por escrito del Ayuntamiento y, en su caso, del propietario del copyright o derechos de autor. Cualquier uso no autorizado de materiales contenidos en este web puede vulnerar leyes de copyright, de registro de marcas, de derechos de propiedad intelectual, de privacidad, publicidad, y dem\u00e1s legislaci\u00f3n sobre comunicaci\u00f3n. Queda prohibida la utilizaci\u00f3n de los contenidos de este sitio web con fines comerciales o publicitarios. Los usuarios de Internet que accedan a este sitio web pueden visualizar la informaci\u00f3n contenida en el mismo y efectuar descargas o reproducciones privadas en su sistema inform\u00e1tico; sin embargo, tal autorizaci\u00f3n no alcanza la cesi\u00f3n posterior a terceros de los elementos reproducidos ni su instalaci\u00f3n en un servidor conectado a Internet o a una red local. Queda absolutamente prohibida la distribuci\u00f3n, modificaci\u00f3n, alteraci\u00f3n, cesi\u00f3n, comunicaci\u00f3n p\u00fablica y cualquier otro acto que no sea expresamente autorizado por el Ayuntamiento.<\/p>\n<p>El Ayuntamiento no es responsable del mal uso que los usuarios realicen de los contenidos de su sitio web y se reserva el derecho de actualizar, modificar, conservar, eliminar, o impedir el acceso a cualquier contenido que aparezca en el mismo o de cerrarlo sin previo aviso.<\/p>\n<p>El Ayuntamiento no es responsable de los contenidos situados fuera de su web, en los sitios web de terceros, a los que se pueda acceder mediante o a trav\u00e9s de enlaces situados en el sitio web. El Ayuntamiento informa que tales links y enlaces que aparecen en su web tan s\u00f3lo constituyen una informaci\u00f3n al usuario sobre la existencia de otras fuentes de informaci\u00f3n y servicios en Internet sobre las materias a las que se refieren, donde el visitante podr\u00e1 en su caso ampliar o complementar los datos ofrecidos en este web, advirtiendo expresamente que ello no supone una sugerencia, invitaci\u00f3n o recomendaci\u00f3n para la visita de tales lugares de destino y por lo tanto, se declina toda la responsabilidad relativa al resultado obtenido a trav\u00e9s de dichos enlaces hipertextuales; en particular, el visitante declara conocer que el Ayuntamiento no garantiza en ning\u00fan modo las condiciones y\/o correcta prestaci\u00f3n de los servicios o calidad de los productos ofertados al usuario, por terceros ajenos a la misma, a cuyos sitios web pueda accederse mediante enlaces establecidos en cualquiera de las p\u00e1ginas del Ayuntamiento, por lo que \u00e9sta no ser\u00e1 responsable en ning\u00fan caso de la disponibilidad y de los contenidos facilitados por los otros sitios web visitados a trav\u00e9s de tales enlaces, como tampoco lo\u00a0 ser\u00e1 del eventual incumplimiento por parte de tales terceros de la normativa vigente y particularmente de aquella que regula el comercio electr\u00f3nico, la defensa y protecci\u00f3n de consumidores y usuarios y la relativa a protecci\u00f3n de datos de car\u00e1cter personal. En el caso de foros abiertos o espacios de opini\u00f3n en sus p\u00e1ginas web, el Ayuntamiento no se obliga a controlar las opiniones o informaciones vertidas por los usuarios, pero se reserva el derecho a eliminar aquellas que puedan resultar contrarias a la legalidad vigente, especialmente cuando impliquen una vulneraci\u00f3n de los derechos y libertades fundamentales, a los buenos usos y a los presentes t\u00e9rminos y condiciones. El Ayuntamiento no ser\u00e1 responsable de posibles da\u00f1os o perjuicios que se pudieran derivar de interferencias, omisiones, interrupciones, aver\u00edas o desconexiones en el funcionamiento operativo de este sistema electr\u00f3nico, motivadas por causas ajenas al Ayuntamiento, o como consecuencia de ajustes o problemas t\u00e9cnicos propios; as\u00ed comide da\u00f1os que puedan ser causados por virus inform\u00e1ticos y por terceras personas mediante intromisiones ileg\u00edtimas fuera del control del Ayuntamiento. La informaci\u00f3n administrativa publicada en este sitio web tiene car\u00e1cter meramente orientativo; por tanto, ni sustituye la publicidad de los documentos que deban publicarse en Diarios y Boletines Oficiales, cuya edici\u00f3n es el \u00fanico instrumento que da fe de la autenticidad y del contenido de los mismos, ni de la misma puede derivarse efecto jur\u00eddico vinculante alguno, debiendo el usuario contrastar la citada informaci\u00f3n con la existente en los Diarios y Boletines Oficiales, en su caso, o con la obrante en las dependencias pertinentes de la Administraci\u00f3n. En concreto, esta informaci\u00f3n no podr\u00e1 ser vinculante en la resoluci\u00f3n de procedimientos administrativos ni alegarse en procesos contradictorios con la Administraci\u00f3n P\u00fablica. En consecuencia, el Ayuntamiento no se hace responsable de los posibles da\u00f1os y perjuicios que el uso de dicha informaci\u00f3n pudiese ocasionar. Las directrices seguidas por el Ayuntamiento en materia de Protecci\u00f3n de Datos de Car\u00e1cter Personal son las expuestas en el apartado Pol\u00edtica de Privacidad de este sitio web.<\/p>\n<p>El Ayuntamiento se reserva el derecho de modificar los t\u00e9rminos y condiciones establecidos en el presente Aviso Legal.<\/p>\n<h4>POL\u00cdTICA DE PRIVACIDAD<\/h4>\n<p>El Ayuntamiento tiene como una de sus prioridades garantizar el derecho fundamental a la protecci\u00f3n de los datos personales, tanto de los usuarios que se relacionen con su Administraci\u00f3n como de los propios empleados p\u00fablicos a su servicio. En este sentido, el Ayuntamiento manifiesta que el tratamiento de los datos de car\u00e1cter personal que pueda resultar necesario para el desarrollo de sus competencias a trav\u00e9s de su portal web se ajustar\u00e1 escrupulosamente a lo dispuesto en la Ley Org\u00e1nica 15\/1999, de Protecci\u00f3n de Datos de Car\u00e1cter Personal, y a la normativa de desarrollo o conexa que pueda resultar de aplicaci\u00f3n en la actualidad o en un futuro. En concreto, todos los datos personales que puedan suministrarse por los interesados a trav\u00e9s de este portal no ser\u00e1n destinados a finalidades distintas de las expresadas en el momento de su aportaci\u00f3n, seg\u00fan el supuesto espec\u00edfico de que se trate, ni comunicados a terceros salvo en aquellos supuestos legales en que pueda procederse a dicha comunicaci\u00f3n o se cuente con el consentimiento expreso del interesado. De igual modo, el tratamiento de los mismos se efectuar\u00e1 de modo confidencial. En cualquier caso, el Ayuntamiento podr\u00e1 hacer uso de los datos contenidos en sus ficheros con finalidades hist\u00f3ricas, estad\u00edsticas o cient\u00edficas. Los interesados ser\u00e1n informados de la incorporaci\u00f3n de sus datos personales a ficheros, automatizados o no, de las finalidades, usos y, en su caso, de las posibles cesiones de sus datos en el momento se recaben los mismos. No obstante, y con car\u00e1cter general, se informa a todos los usuarios que en el caso de aportar datos personales podr\u00e1n ejercitar los derechos de acceso, rectificaci\u00f3n, cancelaci\u00f3n y oposici\u00f3n dirigi\u00e9ndose por escrito al Registro de Entrada del Ayuntamiento. Igualmente, el Ayuntamiento informa que ha desarrollado una normativa interna, desobligado cumplimiento para todos los empleados p\u00fablicos que traten datos de car\u00e1cter personal, en la que se contienen los procedimientos y las pautas que han de observarse en aras al cumplimiento de la normativa legal sobre protecci\u00f3n de datos de car\u00e1cter personal. Y, especialmente, normas de informaci\u00f3n y procedimientos para el tratamiento de este tipo de datos y normas de seguridad (equipos, instalaciones, etc.) para asegurar la integridad, confidencialidad y disponibilidad de la informaci\u00f3n. Para cualquier duda sobre la pol\u00edtica de privacidad anteriormente expresada puede dirigirse al tel\u00e9fono\u00a0<strong>965 51 00 01<\/strong>\u00a0o remitir un correo electr\u00f3nico a la direcci\u00f3n\u00a0<a href=\"mailto:agres@agres.es\">agres@agres.es<\/a>\u00a0indicando en el campo Asunto \u2018Protecci\u00f3n de datos personales\u2019.<\/p>\n[\/et_pb_text][\/et_pb_column][\/et_pb_row][\/et_pb_section]\n","protected":false},"excerpt":{"rendered":"<p><div class=\"et_pb_row et_pb_row_0 et_pb_row_empty\">\n\t\t\t\t\n\t\t\t\t\n\t\t\t\t\n\t\t\t\t\n\t\t\t\t\n\t\t\t<\/div>1. Titularidad del sitio web https:\/\/www.agres.es, es un dominio en internet titularidad del Excmo. Ayuntamiento de la Vila deAgres, CIF P0300300A, con sede y domicilio social en\u00a0Plaza Espa\u00f1a, 1, Telefono [&hellip;]<\/p>\n","protected":false},"author":1,"featured_media":0,"parent":0,"menu_order":0,"comment_status":"closed","ping_status":"closed","template":"","meta":{"_et_pb_use_builder":"on","_et_pb_old_content":"","_et_gb_content_width":"","footnotes":""},"class_list":["post-61817","page","type-page","status-publish","hentry"],"yoast_head":"<!-- This site is optimized with the Yoast SEO plugin v26.9 - https:\/\/yoast.com\/product\/yoast-seo-wordpress\/ -->\n<title>Aviso legal - Agres<\/title>\n<meta name=\"robots\" content=\"index, follow, max-snippet:-1, max-image-preview:large, max-video-preview:-1\" \/>\n<link rel=\"canonical\" href=\"https:\/\/www.agres.es\/es\/aviso-legal\/\" \/>\n<meta property=\"og:locale\" content=\"es_ES\" \/>\n<meta property=\"og:type\" content=\"article\" \/>\n<meta property=\"og:title\" content=\"Aviso legal - Agres\" \/>\n<meta property=\"og:description\" content=\"1. Titularidad del sitio web https:\/\/www.agres.es, es un dominio en internet titularidad del Excmo. Ayuntamiento de la Vila deAgres, CIF P0300300A, con sede y domicilio social en\u00a0Plaza Espa\u00f1a, 1, Telefono [&hellip;]\" \/>\n<meta property=\"og:url\" content=\"https:\/\/www.agres.es\/es\/aviso-legal\/\" \/>\n<meta property=\"og:site_name\" content=\"Agres\" \/>\n<meta property=\"article:modified_time\" content=\"2021-03-12T11:50:27+00:00\" \/>\n<meta name=\"twitter:card\" content=\"summary_large_image\" \/>\n<meta name=\"twitter:label1\" content=\"Tiempo de lectura\" \/>\n\t<meta name=\"twitter:data1\" content=\"11 minutos\" \/>\n<script type=\"application\/ld+json\" class=\"yoast-schema-graph\">{\"@context\":\"https:\/\/schema.org\",\"@graph\":[{\"@type\":\"WebPage\",\"@id\":\"https:\/\/www.agres.es\/es\/aviso-legal\/\",\"url\":\"https:\/\/www.agres.es\/es\/aviso-legal\/\",\"name\":\"Aviso legal - Agres\",\"isPartOf\":{\"@id\":\"https:\/\/www.agres.es\/es\/#website\"},\"datePublished\":\"2021-03-12T11:49:15+00:00\",\"dateModified\":\"2021-03-12T11:50:27+00:00\",\"breadcrumb\":{\"@id\":\"https:\/\/www.agres.es\/es\/aviso-legal\/#breadcrumb\"},\"inLanguage\":\"es\",\"potentialAction\":[{\"@type\":\"ReadAction\",\"target\":[\"https:\/\/www.agres.es\/es\/aviso-legal\/\"]}]},{\"@type\":\"BreadcrumbList\",\"@id\":\"https:\/\/www.agres.es\/es\/aviso-legal\/#breadcrumb\",\"itemListElement\":[{\"@type\":\"ListItem\",\"position\":1,\"name\":\"Inicio\",\"item\":\"https:\/\/www.agres.es\/es\/\"},{\"@type\":\"ListItem\",\"position\":2,\"name\":\"Aviso legal\"}]},{\"@type\":\"WebSite\",\"@id\":\"https:\/\/www.agres.es\/es\/#website\",\"url\":\"https:\/\/www.agres.es\/es\/\",\"name\":\"Agres\",\"description\":\"Ayuntamiento de la Vila de Agres\",\"potentialAction\":[{\"@type\":\"SearchAction\",\"target\":{\"@type\":\"EntryPoint\",\"urlTemplate\":\"https:\/\/www.agres.es\/es\/?s={search_term_string}\"},\"query-input\":{\"@type\":\"PropertyValueSpecification\",\"valueRequired\":true,\"valueName\":\"search_term_string\"}}],\"inLanguage\":\"es\"}]}<\/script>\n<!-- \/ Yoast SEO plugin. -->","yoast_head_json":{"title":"Aviso legal - Agres","robots":{"index":"index","follow":"follow","max-snippet":"max-snippet:-1","max-image-preview":"max-image-preview:large","max-video-preview":"max-video-preview:-1"},"canonical":"https:\/\/www.agres.es\/es\/aviso-legal\/","og_locale":"es_ES","og_type":"article","og_title":"Aviso legal - Agres","og_description":"1. Titularidad del sitio web https:\/\/www.agres.es, es un dominio en internet titularidad del Excmo. Ayuntamiento de la Vila deAgres, CIF P0300300A, con sede y domicilio social en\u00a0Plaza Espa\u00f1a, 1, Telefono [&hellip;]","og_url":"https:\/\/www.agres.es\/es\/aviso-legal\/","og_site_name":"Agres","article_modified_time":"2021-03-12T11:50:27+00:00","twitter_card":"summary_large_image","twitter_misc":{"Tiempo de lectura":"11 minutos"},"schema":{"@context":"https:\/\/schema.org","@graph":[{"@type":"WebPage","@id":"https:\/\/www.agres.es\/es\/aviso-legal\/","url":"https:\/\/www.agres.es\/es\/aviso-legal\/","name":"Aviso legal - Agres","isPartOf":{"@id":"https:\/\/www.agres.es\/es\/#website"},"datePublished":"2021-03-12T11:49:15+00:00","dateModified":"2021-03-12T11:50:27+00:00","breadcrumb":{"@id":"https:\/\/www.agres.es\/es\/aviso-legal\/#breadcrumb"},"inLanguage":"es","potentialAction":[{"@type":"ReadAction","target":["https:\/\/www.agres.es\/es\/aviso-legal\/"]}]},{"@type":"BreadcrumbList","@id":"https:\/\/www.agres.es\/es\/aviso-legal\/#breadcrumb","itemListElement":[{"@type":"ListItem","position":1,"name":"Inicio","item":"https:\/\/www.agres.es\/es\/"},{"@type":"ListItem","position":2,"name":"Aviso legal"}]},{"@type":"WebSite","@id":"https:\/\/www.agres.es\/es\/#website","url":"https:\/\/www.agres.es\/es\/","name":"Agres","description":"Ayuntamiento de la Vila de Agres","potentialAction":[{"@type":"SearchAction","target":{"@type":"EntryPoint","urlTemplate":"https:\/\/www.agres.es\/es\/?s={search_term_string}"},"query-input":{"@type":"PropertyValueSpecification","valueRequired":true,"valueName":"search_term_string"}}],"inLanguage":"es"}]}},"_links":{"self":[{"href":"https:\/\/www.agres.es\/es\/wp-json\/wp\/v2\/pages\/61817","targetHints":{"allow":["GET"]}}],"collection":[{"href":"https:\/\/www.agres.es\/es\/wp-json\/wp\/v2\/pages"}],"about":[{"href":"https:\/\/www.agres.es\/es\/wp-json\/wp\/v2\/types\/page"}],"author":[{"embeddable":true,"href":"https:\/\/www.agres.es\/es\/wp-json\/wp\/v2\/users\/1"}],"replies":[{"embeddable":true,"href":"https:\/\/www.agres.es\/es\/wp-json\/wp\/v2\/comments?post=61817"}],"version-history":[{"count":0,"href":"https:\/\/www.agres.es\/es\/wp-json\/wp\/v2\/pages\/61817\/revisions"}],"wp:attachment":[{"href":"https:\/\/www.agres.es\/es\/wp-json\/wp\/v2\/media?parent=61817"}],"curies":[{"name":"wp","href":"https:\/\/api.w.org\/{rel}","templated":true}]}}